{"id":21,"date":"2025-06-29T16:15:14","date_gmt":"2025-06-29T16:15:14","guid":{"rendered":"https:\/\/speltavita.hu\/?page_id=21"},"modified":"2025-10-05T16:20:27","modified_gmt":"2025-10-05T16:20:27","slug":"aszf","status":"publish","type":"page","link":"https:\/\/speltavita.hu\/sr\/aszf\/","title":{"rendered":"\u00c1ltal\u00e1nos szerz\u0151d\u00e9si felt\u00e9telek (\u00c1SZF)"},"content":{"rendered":"<div data-elementor-type=\"wp-page\" data-elementor-id=\"21\" class=\"elementor elementor-21\">\n\t\t\t\t<div class=\"elementor-element elementor-element-71fc0a08 e-flex e-con-boxed e-con e-parent\" data-id=\"71fc0a08\" data-element_type=\"container\" data-e-type=\"container\">\n\t\t\t\t\t<div class=\"e-con-inner\">\n\t\t\t\t<div class=\"elementor-element elementor-element-5ac74811 elementor-widget elementor-widget-text-editor\" data-id=\"5ac74811\" data-element_type=\"widget\" data-e-type=\"widget\" data-widget_type=\"text-editor.default\">\n\t\t\t\t<div class=\"elementor-widget-container\">\n\t\t\t\t\t\t\t\t\t<h1 class=\"wp-block-heading\">\u00c1ltal\u00e1nos szerz\u0151d\u00e9si felt\u00e9telek (\u00c1SZF)<\/h1>\n<p><!-- \/wp:heading --><!-- wp:heading --><\/p>\n<h2 class=\"wp-block-heading\">\u00c1ttekint\u00e9s<\/h2>\n<p><!-- \/wp:heading --><!-- wp:paragraph --><\/p>\n<p>Jelen dokumentum nem ker\u00fcl iktat\u00e1sra (ut\u00f3lag nem hozz\u00e1f\u00e9rhet\u0151), kiz\u00e1r\u00f3lag elektronikus form\u00e1ban ker\u00fcl megk\u00f6t\u00e9sre, nem min\u0151s\u00fcl \u00edr\u00e1sbeli szerz\u0151d\u00e9snek, magyar nyelven \u00edr\u00f3dik, magatart\u00e1si k\u00f3dexre nem utal. A webshop m\u0171k\u00f6d\u00e9s\u00e9vel, megrendel\u00e9si, \u00e9s sz\u00e1ll\u00edt\u00e1si folyamat\u00e1val kapcsolatosan felmer\u00fcl\u0151 k\u00e9rd\u00e9sek eset\u00e9n a megadott el\u00e9rhet\u0151s\u00e9geinken rendelkez\u00e9s\u00e9re \u00e1llunk.<\/p>\n<p><!-- \/wp:paragraph --><!-- wp:paragraph --><\/p>\n<p class=\"translation-block\">Jelen \u00c1szf hat\u00e1lya Szolg\u00e1ltat\u00f3 weblapj\u00e1n (<a href=\"https:\/\/speltavita.hu\/sr\/\" target=\"_self\">https:\/\/www.speltavita.hu<\/a>) \u00e9s aldomainjein t\u00f6rt\u00e9n\u0151 jogviszonyokra terjed ki. Jelen \u00c1szf folyamatosan el\u00e9rhet\u0151 a k\u00f6vetkez\u0151 weboldalr\u00f3l:&nbsp;https:\/\/speltavita.hu\/aszf.<\/p>\n<p><!-- \/wp:paragraph --><!-- wp:paragraph --><\/p>\n<p class=\"translation-block\">Jelen \u00e1ltal\u00e1nos szerz\u0151d\u00e9si felt\u00e9telek (a tov\u00e1bbiakban:&nbsp;\u201e\u00c1SZF\u201d) a&nbsp;Korom Bal\u00e1zs e.v.&nbsp;(sz\u00e9khely: 1136 Budapest, Pann\u00f3nia u.&nbsp;10. fszt.&nbsp;7\/a.,&nbsp;nyilv\u00e1ntart\u00e1si&nbsp;sz\u00e1m:&nbsp;60109332, ad\u00f3sz\u00e1m:&nbsp;90773846-1-41, banksz\u00e1mlasz\u00e1m: 12042847-02052564-00100003, weblap c\u00edme:&nbsp;<a href=\"https:\/\/speltavita.hu\/sr\/\" target=\"_self\">www.speltavita.hu<\/a>, telefonsz\u00e1m: +36301393669, email c\u00edm:&nbsp;speltavitaeu@gmail.com) (a tov\u00e1bbiakban:&nbsp;\u201eSzolg\u00e1ltat\u00f3\u201d), mint elektronikus kereskedelmi szolg\u00e1ltat\u00e1st ny\u00fajt\u00f3 szolg\u00e1ltat\u00f3 \u00e1ltal \u00fczemeltetett&nbsp;<a href=\"https:\/\/speltavita.hu\/sr\/\" target=\"_self\">www.speltavita.hu<\/a>&nbsp;weboldalon t\u00f6rt\u00e9n\u0151 v\u00e1s\u00e1rl\u00e1s felt\u00e9teleit tartalmazz\u00e1k.<\/p>\n<p><!-- \/wp:paragraph --><!-- wp:paragraph --><\/p>\n<p class=\"translation-block\">Az al\u00e1bbi r\u00e9szletezett \u00c1SZF egym\u00e1ssal k\u00f6lcs\u00f6n\u00f6s szerz\u0151d\u00e9sben \u00e1ll\u00f3 felekre vonatkozik.K\u00e9rj\u00fck, amennyiben v\u00e1s\u00e1rl\u00f3ja, illetve akt\u00edv felhaszn\u00e1l\u00f3ja k\u00edv\u00e1n lenni a&nbsp;Korom Bal\u00e1zs e.v.&nbsp;\u00e1ltal a&nbsp;<a href=\"https:\/\/speltavita.hu\/sr\/\" target=\"_self\">www.speltavita.hu<\/a>&nbsp;weboldalon \u00fczemeltetett web\u00e1ruh\u00e1znak (a tov\u00e1bbiakban: Web\u00e1ruh\u00e1z), figyelmesen olvassa el az \u00c1SZF-t, \u00e9s kiz\u00e1r\u00f3lag abban az esetben vegye ig\u00e9nybe szolg\u00e1ltat\u00e1sainkat, amennyiben minden pontj\u00e1val egyet\u00e9rt, \u00e9s k\u00f6telez\u0151 \u00e9rv\u00e9ny\u0171nek tekinti mag\u00e1ra n\u00e9zve. A Web\u00e1ruh\u00e1z m\u0171k\u00f6d\u00e9s\u00e9vel, megrendel\u00e9si, \u00e9s sz\u00e1ll\u00edt\u00e1si folyamat\u00e1val kapcsolatosan felmer\u00fcl\u0151 k\u00e9rd\u00e9sek eset\u00e9n \u00dcgyf\u00e9lszolg\u00e1latunk rendelkez\u00e9s\u00e9re \u00e1ll.<\/p>\n<p><!-- \/wp:paragraph --><!-- wp:heading {\"level\":3} --><\/p>\n<h3 class=\"wp-block-heading\"><strong>1. Alapvet\u0151 rendelkez\u00e9sek:<\/strong><\/h3>\n<p><!-- \/wp:heading --><!-- wp:paragraph --><\/p>\n<p>1.1.&nbsp;A jelen Szab\u00e1lyzatban nem szab\u00e1lyozott k\u00e9rd\u00e9sekre, valamint jelen Szab\u00e1lyzat \u00e9rtelmez\u00e9s\u00e9re a magyar jog az ir\u00e1nyad\u00f3, k\u00fcl\u00f6n\u00f6s tekintettel a Polg\u00e1ri T\u00f6rv\u00e9nyk\u00f6nyvr\u0151l sz\u00f3l\u00f3 2013. \u00e9vi V. t\u00f6rv\u00e9ny (\u201ePtk.\u201d) \u00e9s az elektronikus kereskedelmi szolg\u00e1ltat\u00e1sok, az inform\u00e1ci\u00f3s t\u00e1rsadalommal \u00f6sszef\u00fcgg\u0151 szolg\u00e1ltat\u00e1sok egyes k\u00e9rd\u00e9seir\u0151l sz\u00f3l\u00f3 2001. \u00e9vi CVIII. (Elker. tv.) t\u00f6rv\u00e9ny, valamint a fogyaszt\u00f3 \u00e9s a v\u00e1llalkoz\u00e1s k\u00f6z\u00f6tti szerz\u0151d\u00e9sek r\u00e9szletes szab\u00e1lyair\u00f3l sz\u00f3l\u00f3 45\/2014. (II. 26.) Korm. rendelet vonatkoz\u00f3 rendelkez\u00e9seire. A vonatkoz\u00f3 jogszab\u00e1lyok k\u00f6telez\u0151 rendelkez\u00e9sei a felekre k\u00fcl\u00f6n kik\u00f6t\u00e9s n\u00e9lk\u00fcl is ir\u00e1nyad\u00f3k.<\/p>\n<p><!-- \/wp:paragraph --><!-- wp:paragraph --><\/p>\n<p>1.2. A jelen Szab\u00e1lyzat 2025.&nbsp;j\u00fanius&nbsp;h\u00f3 29. nap napj\u00e1t\u00f3l hat\u00e1lyos \u00e9s visszavon\u00e1sig hat\u00e1lyban marad. A Szolg\u00e1ltat\u00f3 jogosult egyoldal\u00faan m\u00f3dos\u00edtani a Szab\u00e1lyzatot (a m\u00f3dos\u00edt\u00e1sra okot ad\u00f3 k\u00f6r\u00fclm\u00e9nyek: sz\u00e1ll\u00edt\u00e1si k\u00f6lts\u00e9g v\u00e1ltoz\u00e1sa, jogszab\u00e1ly-v\u00e1ltoz\u00e1s, \u00fczleti \u00e9rdek, c\u00e9ggel kapcsolatos v\u00e1ltoz\u00e1sok). A m\u00f3dos\u00edt\u00e1sokat a Szolg\u00e1ltat\u00f3 azok hat\u00e1lyba l\u00e9p\u00e9se el\u0151tt 11 (tizenegy) nappal a weboldalon k\u00f6zz\u00e9teszi &#8211; mely id\u0151 alatt a Felhaszn\u00e1l\u00f3 jogosult a szerz\u0151d\u00e9st\u0151l el\u00e1llni, vagy azt felmondani. Felhaszn\u00e1l\u00f3k a weboldal haszn\u00e1lat\u00e1val elfogadj\u00e1k, hogy r\u00e1juk n\u00e9zve a weboldal haszn\u00e1lat\u00e1val kapcsolatos valamennyi szab\u00e1lyoz\u00e1s automatikusan \u00e9rv\u00e9nyes.<\/p>\n<p><!-- \/wp:paragraph --><!-- wp:paragraph --><\/p>\n<p>1.3. Szolg\u00e1ltat\u00f3 fenntart mag\u00e1nak minden jogot a weboldal, annak b\u00e1rmely r\u00e9szlete \u00e9s az azon megjelen\u0151 tartalmak, valamint a weboldal terjeszt\u00e9s\u00e9nek tekintet\u00e9ben. Tilos a weboldalon megjelen\u0151 tartalmak vagy azok b\u00e1rmely r\u00e9szlet\u00e9nek let\u00f6lt\u00e9se, elektronikus t\u00e1rol\u00e1sa, feldolgoz\u00e1sa \u00e9s \u00e9rt\u00e9kes\u00edt\u00e9se a Szolg\u00e1ltat\u00f3 \u00edr\u00e1sos hozz\u00e1j\u00e1rul\u00e1sa n\u00e9lk\u00fcl.<\/p>\n<p><!-- \/wp:paragraph --><!-- wp:heading {\"level\":3} --><\/p>\n<h3 class=\"wp-block-heading\"><strong>2. Regisztr\u00e1ci\u00f3\/v\u00e1s\u00e1rl\u00e1s<\/strong><\/h3>\n<p><!-- \/wp:heading --><!-- wp:paragraph --><\/p>\n<p>2.1. Felhaszn\u00e1l\u00f3 a weboldalon t\u00f6rt\u00e9n\u0151 v\u00e1s\u00e1rl\u00e1s\u00e1val\/regisztr\u00e1ci\u00f3j\u00e1val kijelenti, hogy jelen \u00c1SZF, \u00e9s a weboldalon k\u00f6zz\u00e9tett Adatkezel\u00e9si t\u00e1j\u00e9koztat\u00f3 felt\u00e9teleit megismerte \u00e9s elfogadja, az adatkezel\u00e9sekhez hozz\u00e1j\u00e1rul.<\/p>\n<p><!-- \/wp:paragraph --><!-- wp:paragraph --><\/p>\n<p>2.2. Felhaszn\u00e1l\u00f3 a v\u00e1s\u00e1rl\u00e1s\/regisztr\u00e1ci\u00f3 sor\u00e1n k\u00f6teles a saj\u00e1t, val\u00f3s adatait megadni. A v\u00e1s\u00e1rl\u00e1s\/regisztr\u00e1ci\u00f3 sor\u00e1n megadott val\u00f3tlan, vagy m\u00e1s szem\u00e9lyhez k\u00f6thet\u0151 adatok eset\u00e9n a l\u00e9trej\u00f6v\u0151 elektronikus szerz\u0151d\u00e9s semmis. Szolg\u00e1ltat\u00f3 kiz\u00e1rja felel\u0151ss\u00e9g\u00e9t, amennyiben Felhaszn\u00e1l\u00f3 m\u00e1s nev\u00e9ben, m\u00e1s szem\u00e9ly adataival veszi ig\u00e9nybe szolg\u00e1ltat\u00e1sait.<\/p>\n<p><!-- \/wp:paragraph --><!-- wp:paragraph --><\/p>\n<p>2.3. A Szolg\u00e1ltat\u00f3t a Felhaszn\u00e1l\u00f3 \u00e1ltal t\u00e9vesen \u00e9s\/vagy pontatlanul megadott adatokra visszavezethet\u0151 sz\u00e1ll\u00edt\u00e1si k\u00e9sedelem\u00e9rt, illetve egy\u00e9b probl\u00e9m\u00e1\u00e9rt, hib\u00e1\u00e9rt semminem\u0171 felel\u0151ss\u00e9g nem terheli.<\/p>\n<p><!-- \/wp:paragraph --><!-- wp:paragraph --><\/p>\n<p>2.4. A Szolg\u00e1ltat\u00f3t nem terheli felel\u0151ss\u00e9g az abb\u00f3l ad\u00f3d\u00f3 k\u00e1rok\u00e9rt, ha Felhaszn\u00e1l\u00f3 a jelszav\u00e1t elfelejti, vagy az illet\u00e9ktelenek sz\u00e1m\u00e1ra b\u00e1rmely nem a Szolg\u00e1ltat\u00f3nak felr\u00f3hat\u00f3 okb\u00f3l hozz\u00e1f\u00e9rhet\u0151v\u00e9 v\u00e1lik.<\/p>\n<p><!-- \/wp:paragraph --><!-- wp:heading {\"level\":3} --><\/p>\n<h3 class=\"wp-block-heading\">3.&nbsp;A Szolg\u00e1ltat\u00f3 \u00e9s a Felhaszn\u00e1l\u00f3 jogai, k\u00f6telezetts\u00e9gei<\/h3>\n<p><!-- \/wp:heading --><!-- wp:paragraph --><\/p>\n<p>3.1.&nbsp;Szolg\u00e1ltat\u00f3 az \u00e1ltala \u00fczemeltetett weblapon kereszt\u00fcl leadott rendel\u00e9sek\u00e9rt felel, azokat nyilv\u00e1ntartja, \u00e9s az \u00c1SZF-ben foglaltak alapj\u00e1n megk\u00f6t\u00f6tt szerz\u0151d\u00e9s keretei k\u00f6z\u00f6tt teljes\u00edti.<\/p>\n<p><!-- \/wp:paragraph --><!-- wp:paragraph --><\/p>\n<p>3.2.&nbsp;A rendel\u00e9s elfogad\u00e1s\u00e1hoz a Felhaszn\u00e1l\u00f3 adatai (n\u00e9v, sz\u00e1ll\u00edt\u00e1si \u00e9s sz\u00e1ml\u00e1z\u00e1si c\u00edm, telefonsz\u00e1m, e-mail c\u00edm) sz\u00fcks\u00e9gesek, melyeket Felhaszn\u00e1l\u00f3 a weblap regisztr\u00e1ci\u00f3s oldal\u00e1n k\u00f6teles r\u00f6gz\u00edteni.<\/p>\n<p><!-- \/wp:paragraph --><!-- wp:paragraph --><\/p>\n<p>A Felhaszn\u00e1l\u00f3 \u00e1ltali pontatlan, illetve t\u00e9ves adatr\u00f6gz\u00edt\u00e9ssel \u00f6sszef\u00fcgg\u0151 sz\u00e1ll\u00edt\u00e1si k\u00e9sedelem\u00e9rt, illetve egy\u00e9b neh\u00e9zs\u00e9gek\u00e9rt&nbsp;a&nbsp;Szolg\u00e1ltat\u00f3t felel\u0151ss\u00e9g nem terheli. Amennyiben a regisztr\u00e1lt adatok nem felelnek meg a val\u00f3s\u00e1gnak, Szolg\u00e1ltat\u00f3 a szerz\u0151d\u00e9st\u0151l indokol\u00e1s n\u00e9lk\u00fcl el\u00e1llhat, \u00e9s Felhaszn\u00e1l\u00f3 megrendel\u00e9s\u00e9t t\u00f6r\u00f6lheti.<\/p>\n<p><!-- \/wp:paragraph --><!-- wp:paragraph --><\/p>\n<p>3.2.&nbsp;Szolg\u00e1ltat\u00f3t nem terheli felel\u0151ss\u00e9g, amennyiben Felhaszn\u00e1l\u00f3 a regisztr\u00e1ci\u00f3t k\u00f6vet\u0151en jelszav\u00e1t elfelejti, vagy az a Szolg\u00e1ltat\u00f3nak nem felr\u00f3hat\u00f3 okb\u00f3l illet\u00e9ktelen szem\u00e9lyek sz\u00e1m\u00e1ra hozz\u00e1f\u00e9rhet\u0151v\u00e9 v\u00e1lik.<\/p>\n<p><!-- \/wp:paragraph --><!-- wp:heading {\"level\":3} --><\/p>\n<h3 class=\"wp-block-heading\"><strong>4.&nbsp;Megv\u00e1s\u00e1rolhat\u00f3 term\u00e9kek, szolg\u00e1ltat\u00e1sok k\u00f6re<\/strong><\/h3>\n<p><!-- \/wp:heading --><!-- wp:paragraph --><\/p>\n<p>4.1. A megjelen\u00edtett term\u00e9kek kiz\u00e1r\u00f3lag online rendelhet\u0151k meg. A term\u00e9kekre vonatkoz\u00f3an megjelen\u00edtett \u00e1rak forintban \u00e9rtend\u0151k (Magyarorsz\u00e1gon k\u00edv\u00fcl&nbsp;v\u00e1laszthat\u00f3 eur\u00f3s fizet\u00e9s is), tartalmazz\u00e1k a t\u00f6rv\u00e9nyben el\u0151\u00edrt 27%-os \u00e1f\u00e1t, azonban nem tartalmazz\u00e1k a h\u00e1zhoz sz\u00e1ll\u00edt\u00e1s d\u00edj\u00e1t.<\/p>\n<p><!-- \/wp:paragraph --><!-- wp:paragraph --><\/p>\n<p>4.2. A webshopban Szolg\u00e1ltat\u00f3 r\u00e9szletesen felt\u00fcnteti a term\u00e9k nev\u00e9t, le\u00edr\u00e1s\u00e1t, a term\u00e9kekr\u0151l fot\u00f3t jelen\u00edt meg. A term\u00e9kek adatlapj\u00e1n megjelen\u00edtett k\u00e9pek elt\u00e9rhetnek a val\u00f3s\u00e1gost\u00f3l, illusztr\u00e1ci\u00f3k\u00e9nt szerepelhetnek.<\/p>\n<p><!-- \/wp:paragraph --><!-- wp:paragraph --><\/p>\n<p>4.3. Amennyiben akci\u00f3s \u00e1r ker\u00fcl bevezet\u00e9sre, Szolg\u00e1ltat\u00f3 teljesk\u00f6r\u0171en t\u00e1j\u00e9koztatja Felhaszn\u00e1l\u00f3kat az akci\u00f3r\u00f3l \u00e9s annak pontos id\u0151tartam\u00e1r\u00f3l.<\/p>\n<p><!-- \/wp:paragraph --><!-- wp:paragraph --><\/p>\n<p>4.4. Amennyiben a Szolg\u00e1ltat\u00f3 minden gondoss\u00e1ga ellen\u00e9re hib\u00e1s \u00e1r ker\u00fcl a Web\u00e1ruh\u00e1z fel\u00fclet\u00e9re, k\u00fcl\u00f6n\u00f6s tekintettel a nyilv\u00e1nval\u00f3an t\u00e9ves, pl. a term\u00e9k k\u00f6zismert, \u00e1ltal\u00e1nosan elfogadott vagy becs\u00fclt \u00e1r\u00e1t\u00f3l jelent\u0151sen elt\u00e9r\u0151, esetleg rendszerhiba miatt megjelen\u0151 \u201c0\u201d Ft-os vagy \u201c1\u201d Ft-os \u00e1rra, akkor a Szolg\u00e1ltat\u00f3 nem k\u00f6teles a term\u00e9ket hib\u00e1s \u00e1ron sz\u00e1ll\u00edtani, hanem felaj\u00e1nlhatja a helyes \u00e1ron t\u00f6rt\u00e9n\u0151 sz\u00e1ll\u00edt\u00e1st, amelynek ismeret\u00e9ben az&nbsp;Felhaszn\u00e1l\u00f3&nbsp;el\u00e1llhat v\u00e1s\u00e1rl\u00e1si sz\u00e1nd\u00e9k\u00e1t\u00f3l. Jelent\u0151s elt\u00e9r\u00e9snek min\u0151s\u00fcl \u2013 a hazai b\u00edr\u00f3i joggyakorlatnak megfelel\u0151en \u2013 az adott term\u00e9k vagy szolg\u00e1ltat\u00e1s piaci \u00e9rt\u00e9k\u00e9t\u0151l ak\u00e1r pozit\u00edv-, ak\u00e1r negat\u00edv ir\u00e1nyban minimum 50 %-ban t\u00f6rt\u00e9n\u0151 elt\u00e9r\u00e9s. T\u00e1j\u00e9koztatjuk azonban a fogyaszt\u00f3kat, hogy a felt\u0171n\u0151 \u00e9rt\u00e9kar\u00e1nytalans\u00e1g (Ptk. 6:98. \u00a7 ) fogalm\u00e1t a t\u00f6rv\u00e9ny nem hat\u00e1rozza meg.<\/p>\n<p><!-- \/wp:paragraph --><!-- wp:paragraph --><\/p>\n<p>4.5. A&nbsp;4.4 pontban ismertetett m\u00e9rt\u00e9k\u0171 hib\u00e1s \u00e1r eset\u00e9n felt\u0171n\u0151 \u00e9rt\u00e9kar\u00e1nytalans\u00e1g \u00e1ll fenn a term\u00e9k val\u00f3di \u00e9s felt\u00fcntetett \u00e1ra k\u00f6z\u00f6tt, amit egy \u00e1tlagfogyaszt\u00f3nak is azonnal \u00e9szlelnie sz\u00fcks\u00e9ges. A Polg\u00e1ri T\u00f6rv\u00e9nyk\u00f6nyvr\u0151l sz\u00f3l\u00f3 2013. \u00e9vi V. t\u00f6rv\u00e9ny (Ptk.) alapj\u00e1n a szerz\u0151d\u00e9s a felek akarat\u00e1nak k\u00f6lcs\u00f6n\u00f6s \u00e9s egybehangz\u00f3 kifejez\u00e9s\u00e9vel j\u00f6n l\u00e9tre. Amennyiben a felek nem tudnak meg\u00e1llapodni a szerz\u0151d\u00e9ses felt\u00e9telekben, azaz nincs meg a felek akarat\u00e1t k\u00f6lcs\u00f6n\u00f6sen \u00e9s egybehangz\u00f3an kifejez\u0151 nyilatkozat, abban az esetben nem besz\u00e9lhet\u00fcnk \u00e9rv\u00e9nyesen l\u00e9trej\u00f6tt szerz\u0151d\u00e9sr\u0151l, amelyekb\u0151l jogok \u00e9s k\u00f6telezetts\u00e9gek fakadn\u00e1nak. Ennek alapj\u00e1n a hib\u00e1s\/t\u00e9ves \u00e1ron visszaigazolt megrendel\u00e9s semmis szerz\u0151d\u00e9snek tekintend\u0151.<\/p>\n<p><!-- \/wp:paragraph --><!-- wp:heading {\"level\":3} --><\/p>\n<h3 class=\"wp-block-heading\">5. Rendel\u00e9s menete<\/h3>\n<p><!-- \/wp:heading --><!-- wp:paragraph --><\/p>\n<p>5.1. Felhaszn\u00e1l\u00f3 a regisztr\u00e1ci\u00f3j\u00e1t k\u00f6vet\u0151en bejelentkezik a webshopba\/vagy regisztr\u00e1ci\u00f3 n\u00e9lk\u00fcl is megkezdheti a v\u00e1s\u00e1rl\u00e1st.<\/p>\n<p><!-- \/wp:paragraph --><!-- wp:paragraph --><\/p>\n<p>5.2. Felhaszn\u00e1l\u00f3 a megv\u00e1s\u00e1rolni k\u00edv\u00e1nt term\u00e9k, term\u00e9kek darabsz\u00e1m\u00e1t be\u00e1ll\u00edtja.<\/p>\n<p><!-- \/wp:paragraph --><!-- wp:paragraph --><\/p>\n<p>5.3. Felhaszn\u00e1l\u00f3 kos\u00e1rba helyezi a kiv\u00e1lasztott term\u00e9keket. Felhaszn\u00e1l\u00f3 b\u00e1rmikor megtekintheti a kos\u00e1r tartalm\u00e1t a \u201ekos\u00e1r\u201d ikonra kattintva.<\/p>\n<p><!-- \/wp:paragraph --><!-- wp:paragraph --><\/p>\n<p>5.4. Amennyiben Felhaszn\u00e1l\u00f3 tov\u00e1bbi term\u00e9ket szeretne kos\u00e1rba helyezni, kiv\u00e1lasztja a \u201ev\u00e1s\u00e1rl\u00e1s folytat\u00e1sa\u201d gombot. Ha nem szeretne tov\u00e1bbi term\u00e9ket v\u00e1s\u00e1rolni, ellen\u0151rzi a megv\u00e1s\u00e1rolni k\u00edv\u00e1nt term\u00e9k darabsz\u00e1m\u00e1t. A \u201et\u00f6rl\u00e9s\u201d gombra kattintva t\u00f6r\u00f6lheti a kos\u00e1r tartalm\u00e1t. Mennyis\u00e9g v\u00e9gleges\u00edt\u00e9s\u00e9hez a \u201etov\u00e1bb a p\u00e9nzt\u00e1rba\u201d gombra kattint Felhaszn\u00e1l\u00f3.<\/p>\n<p><!-- \/wp:paragraph --><!-- wp:paragraph --><\/p>\n<p>5.5. Felhaszn\u00e1l\u00f3 kiv\u00e1lasztja a sz\u00e1ll\u00edt\u00e1si c\u00edmet, majd a sz\u00e1ll\u00edt\u00e1si\/fizet\u00e9si m\u00f3dot. Szolg\u00e1ltat\u00f3 a fizet\u00e9si m\u00f3dok meghat\u00e1roz\u00e1s\u00e1n\u00e1l csal\u00e1smegel\u0151z\u0151 szolg\u00e1ltat\u00e1sokat is ig\u00e9nybe vesz, az innen kapott visszajelz\u00e9sek alapj\u00e1n ker\u00fclnek meghat\u00e1roz\u00e1sra &#8211; automatikus d\u00f6nt\u00e9shozatalt k\u00f6vet\u0151en &#8211; az adott l\u00e1togat\u00f3nak el\u00e9rhet\u0151 fizet\u00e9si m\u00f3dok, melyek az al\u00e1bbi fizet\u00e9si m\u00f3dok k\u00f6z\u00fcl ker\u00fclnek kiv\u00e1laszt\u00e1sra: \u00e1tutal\u00e1s, bankk\u00e1rtya.<\/p>\n<p><!-- \/wp:paragraph --><!-- wp:paragraph --><\/p>\n<p>5.5.1. Fizet\u00e9si m\u00f3dok \u2013 Magyarorsz\u00e1gon k\u00e9zbes\u00edtett csomagok eset\u00e9n:<\/p>\n<p><!-- \/wp:paragraph --><!-- wp:paragraph --><\/p>\n<p>Szem\u00e9lyes \u00e1tv\u00e9tel: web\u00e1ruh\u00e1zunkban megv\u00e1s\u00e1rolt term\u00e9keket lehet\u0151s\u00e9g\u00fck van a v\u00e1s\u00e1rl\u00f3knak szem\u00e9lyesen \u00e1tvenni&nbsp;az al\u00e1bbi c\u00edmen:&nbsp;1136 Budapest,&nbsp;Balzac&nbsp;utca&nbsp;44\/b, fsz. 2.<\/p>\n<p><!-- \/wp:paragraph --><!-- wp:paragraph --><\/p>\n<p>\u00c1tutal\u00e1ssal: Felhaszn\u00e1l\u00f3 a megrendelt term\u00e9kek ellen\u00e9rt\u00e9k\u00e9t a visszaigazol\u00f3 e-mailben&nbsp;illetve a megrendel\u00e9s befejez\u00e9sekor&nbsp;tal\u00e1lhat\u00f3 banksz\u00e1ml\u00e1ra 5 napon bel\u00fcl k\u00f6teles \u00e1tutalni. Az \u00f6sszeg Szolg\u00e1ltat\u00f3 banksz\u00e1ml\u00e1j\u00e1n t\u00f6rt\u00e9n\u0151 j\u00f3v\u00e1\u00edr\u00e1s\u00e1t k\u00f6vet\u0151en a Felhaszn\u00e1l\u00f3 jogosult a term\u00e9k(ek) \u00e1ltala meghat\u00e1rozott m\u00f3don t\u00f6rt\u00e9n\u0151 \u00e1tv\u00e9tel\u00e9re.<\/p>\n<p><!-- \/wp:paragraph --><!-- wp:paragraph --><\/p>\n<p>Online bankk\u00e1rty\u00e1val: Felhaszn\u00e1l\u00f3nak lehet\u0151s\u00e9ge van a rendel\u00e9s \u00f6ssz\u00e9rt\u00e9k\u00e9t online, bankk\u00e1rty\u00e1val fizetni a Szolg\u00e1ltat\u00f3 \u00e1ltal ig\u00e9nybe vett p\u00e9nz\u00fcgyi szolg\u00e1ltat\u00f3 biztons\u00e1gos fizet\u00e9si rendszer\u00e9n kereszt\u00fcl. Az online bankk\u00e1rty\u00e1s \u00e9s egy\u00e9b fizet\u00e9si m\u00f3dok a Barion rendszer\u00e9n kereszt\u00fcl val\u00f3sulnak meg. A bankk\u00e1rtya, illetve egy\u00e9b fizet\u00e9ssel kapcsolatos adatok a keresked\u0151h\u00f6z nem jutnak el. A szolg\u00e1ltat\u00e1st ny\u00fajt\u00f3 Barion Payment Zrt. a Magyar Nemzeti Bank fel\u00fcgyelete alatt \u00e1ll\u00f3 int\u00e9zm\u00e9ny, enged\u00e9ly\u00e9nek sz\u00e1ma: H-EN-I-1064\/2013.<\/p>\n<p><!-- \/wp:paragraph --><!-- wp:paragraph --><\/p>\n<p>5.5.2.&nbsp;Fizet\u00e9si m\u00f3dok \u2013 k\u00fclf\u00f6ldi c\u00edmre &nbsp;k\u00e9zbes\u00edtett csomagok eset\u00e9n:<\/p>\n<p><!-- \/wp:paragraph --><!-- wp:paragraph --><\/p>\n<p>\u00c1tutal\u00e1ssal: Felhaszn\u00e1l\u00f3 a megrendelt term\u00e9kek ellen\u00e9rt\u00e9k\u00e9t a visszaigazol\u00f3 e-mailben&nbsp;illetve a megrendel\u00e9s befejez\u00e9sekor&nbsp;tal\u00e1lhat\u00f3 banksz\u00e1ml\u00e1ra 5 napon bel\u00fcl k\u00f6teles \u00e1tutalni. Az \u00f6sszeg Szolg\u00e1ltat\u00f3 banksz\u00e1ml\u00e1j\u00e1n t\u00f6rt\u00e9n\u0151 j\u00f3v\u00e1\u00edr\u00e1s\u00e1t k\u00f6vet\u0151en a Felhaszn\u00e1l\u00f3 jogosult a term\u00e9k(ek) \u00e1ltala meghat\u00e1rozott m\u00f3don t\u00f6rt\u00e9n\u0151 \u00e1tv\u00e9tel\u00e9re.<\/p>\n<p><!-- \/wp:paragraph --><!-- wp:paragraph --><\/p>\n<p>Online bankk\u00e1rty\u00e1val: Felhaszn\u00e1l\u00f3nak lehet\u0151s\u00e9ge van a rendel\u00e9s \u00f6ssz\u00e9rt\u00e9k\u00e9t online, bankk\u00e1rty\u00e1val fizetni a Szolg\u00e1ltat\u00f3 \u00e1ltal ig\u00e9nybe vett p\u00e9nz\u00fcgyi szolg\u00e1ltat\u00f3 biztons\u00e1gos fizet\u00e9si rendszer\u00e9n kereszt\u00fcl. Az online bankk\u00e1rty\u00e1s \u00e9s egy\u00e9b fizet\u00e9si m\u00f3dok a Barion rendszer\u00e9n kereszt\u00fcl val\u00f3sulnak meg. A bankk\u00e1rtya, illetve egy\u00e9b fizet\u00e9ssel kapcsolatos adatok a keresked\u0151h\u00f6z nem jutnak el. A szolg\u00e1ltat\u00e1st ny\u00fajt\u00f3 Barion Payment Zrt. a Magyar Nemzeti Bank fel\u00fcgyelete alatt \u00e1ll\u00f3 int\u00e9zm\u00e9ny, enged\u00e9ly\u00e9nek sz\u00e1ma: H-EN-I-1064\/2013.<\/p>\n<p><!-- \/wp:paragraph --><!-- wp:paragraph --><\/p>\n<p>5.5.3. Sz\u00e1ll\u00edt\u00e1si k\u00f6lts\u00e9g \u2013 Magyarorsz\u00e1gon k\u00e9zbes\u00edtett csomagok eset\u00e9n:<\/p>\n<p><!-- \/wp:paragraph --><!-- wp:paragraph --><\/p>\n<p>Foxpost csomagautomat\u00e1ba t\u00f6rt\u00e9n\u0151 elhelyez\u00e9ssel:&nbsp;820 Ft<br>MPL&nbsp;csomagautomat\u00e1ba, DPD Csomagpontba k\u00e9zbes\u00edtve:&nbsp;850 Ft<br>Packeta Csomagpontba k\u00e9zbes\u00edtve:&nbsp;900 Ft<br>Dostava kao poste restante (preuzimanje u po\u0161ti, MPL): 1040 Ft<br>Dostava u MPL Postapont: 1090 Ft<br>GLS CsomagPontba&nbsp;k\u00e9zbes\u00edtve:&nbsp;1280 Ft<br>Dostava u GLS automat: 1180 Ft<br>GLS fut\u00e1rszolg\u00e1lattal h\u00e1zhoz sz\u00e1ll\u00edtva:&nbsp;2260 Ft<br>Szem\u00e9lyes \u00e1tv\u00e9tel&nbsp;Budapesten a meghat\u00e1rozott \u00e1tv\u00e9teli helyen&nbsp;<span style=\"orphans: 2; widows: 2; text-align: var(--text-align); font-family: var(--bodyfontfamily),var(--nv-fallback-ff); font-size: var(--bodyfontsize); letter-spacing: var(--bodyletterspacing); text-transform: var(--bodytexttransform);\">(1136 Budapest, Balzac street 44\/b)<\/span><span style=\"font-size: unset; letter-spacing: unset; text-transform: unset; text-align: var(--text-align); font-family: var(--bodyfontfamily),var(--nv-fallback-ff);\">: 0 Ft<\/span><\/p>\n<p><!-- \/wp:paragraph --><!-- wp:paragraph --><\/p>\n<p>5.5.4. Sz\u00e1ll\u00edt\u00e1si k\u00f6lts\u00e9g \u2013 k\u00fclf\u00f6ldi c\u00edmre &nbsp;k\u00e9zbes\u00edtett csomagok eset\u00e9n:<\/p>\n<p><!-- \/wp:paragraph --><!-- wp:table {\"align\":\"wide\"} --><\/p>\n<figure class=\"wp-block-table alignwide\">\n<table class=\"has-fixed-layout\">\n<tbody>\n<tr>\n<td>Okrug (Ft\/po paketu)<\/td>\n<td>&lt; 2 kg<\/td>\n<td>&lt; 5 kg<\/td>\n<td>&lt; 10 kg<\/td>\n<td>&lt; 15 kg<\/td>\n<td>&lt; 20 kg<\/td>\n<td>&lt; 25 kg<\/td>\n<\/tr>\n<tr>\n<td>Slova\u010dka<\/td>\n<td>5274&nbsp;Ft<\/td>\n<td>5450&nbsp;Ft<\/td>\n<td>5825&nbsp;Ft<\/td>\n<td>6187&nbsp;Ft<\/td>\n<td>6554&nbsp;Ft<\/td>\n<td>6915&nbsp;Ft<\/td>\n<\/tr>\n<tr>\n<td>1. zona<\/td>\n<td>8844&nbsp;Ft<\/td>\n<td>10497&nbsp;Ft<\/td>\n<td>14188&nbsp;Ft<\/td>\n<td>15075&nbsp;Ft<\/td>\n<td>16182&nbsp;Ft<\/td>\n<td>17517&nbsp;Ft<\/td>\n<\/tr>\n<tr>\n<td>2. zona<\/td>\n<td>12620&nbsp;Ft<\/td>\n<td>14188&nbsp;Ft<\/td>\n<td>14851&nbsp;Ft<\/td>\n<td>15295&nbsp;Ft<\/td>\n<td>17953&nbsp;Ft<\/td>\n<td>20399&nbsp;Ft<\/td>\n<\/tr>\n<tr>\n<td>3. zona<\/td>\n<td>13373&nbsp;Ft<\/td>\n<td>16361&nbsp;Ft<\/td>\n<td>21958&nbsp;Ft<\/td>\n<td>24830&nbsp;Ft<\/td>\n<td>26157&nbsp;Ft<\/td>\n<td>27496&nbsp;Ft<\/td>\n<\/tr>\n<tr>\n<td>4. zona<\/td>\n<td>22282&nbsp;Ft<\/td>\n<td>24249&nbsp;Ft<\/td>\n<td>29487&nbsp;Ft<\/td>\n<td>32372&nbsp;Ft<\/td>\n<td>47888&nbsp;Ft<\/td>\n<td>62967&nbsp;Ft<\/td>\n<\/tr>\n<tr>\n<td>5. zona<\/td>\n<td>38063&nbsp;Ft<\/td>\n<td>42653&nbsp;Ft<\/td>\n<td>52614&nbsp;Ft<\/td>\n<td>78382&nbsp;Ft<\/td>\n<td>101600&nbsp;Ft<\/td>\n<td>122271&nbsp;Ft<\/td>\n<\/tr>\n<\/tbody>\n<\/table>\n<\/figure>\n<p><!-- \/wp:table --><!-- wp:paragraph --><\/p>\n<p>1. Z\u00f3na orsz\u00e1gai:&nbsp;Szlov\u00e9nia, Ausztria, Csehorsz\u00e1g, Rom\u00e1nia, Horv\u00e1torsz\u00e1g<br>2. Z\u00f3na orsz\u00e1gai:&nbsp;Lengyelorsz\u00e1g, N\u00e9metorsz\u00e1g, Belgium, Hollandia, Luxemburg<br>3. zona: Danska, Francuska, Italija, Velika Britanija, Severna Irska, Monako, Irska<br>4. zona: Litvanija, Letonija, \u0160panija, \u0160vedska, Estonija, Norve\u0161ka, Gr\u010dka, Portugalija, Finska<br>5. zona: Island, Malta, Kipar<\/p>\n<p><!-- \/wp:paragraph --><!-- wp:paragraph --><\/p>\n<p>5.6. Amennyiben a webshopban hiba vagy hi\u00e1nyoss\u00e1g l\u00e9p fel a term\u00e9kekn\u00e9l vagy az \u00e1rakn\u00e1l, fenntartjuk a jogot a korrekci\u00f3ra. Ilyen esetben a hiba felismer\u00e9se illetve m\u00f3dos\u00edt\u00e1sa ut\u00e1n azonnal t\u00e1j\u00e9koztatjuk a vev\u0151t az \u00faj adatokr\u00f3l. Felhaszn\u00e1l\u00f3 ezt k\u00f6vet\u0151en m\u00e9g egyszer meger\u0151s\u00edtheti a megrendel\u00e9st, vagy el\u00e1llhat a szerz\u0151d\u00e9st\u0151l.<\/p>\n<p><!-- \/wp:paragraph --><!-- wp:paragraph --><\/p>\n<p>5.7. A fizetend\u0151 v\u00e9g\u00f6sszeg a megrendel\u00e9s \u00f6sszes\u00edt\u00e9se \u00e9s visszaigazol\u00f3 lev\u00e9l alapj\u00e1n minden k\u00f6lts\u00e9get tartalmaz. A sz\u00e1ml\u00e1t elektronikus \u00faton k\u00fcldj\u00fck ki a Felhaszn\u00e1l\u00f3 e-mail c\u00edm\u00e9re, a rendel\u00e9s mell\u00e9 csak sz\u00e1ll\u00edt\u00f3levelet csatolunk. Felhaszn\u00e1l\u00f3 k\u00f6teles a csomagot k\u00e9zbes\u00edt\u00e9skor a fut\u00e1r el\u0151tt megvizsg\u00e1lni, \u00e9s term\u00e9keken, csomagol\u00e1son \u00e9szlelt esetleges s\u00e9r\u00fcl\u00e9s eset\u00e9n k\u00f6teles jegyz\u0151k\u00f6nyv felv\u00e9tel\u00e9t k\u00e9rni, s\u00e9r\u00fcl\u00e9s eset\u00e9n a csomagot nem k\u00f6teles \u00e1tvenni. Ut\u00f3lagos, jegyz\u0151k\u00f6nyv n\u00e9lk\u00fcli reklam\u00e1ci\u00f3t Szolg\u00e1ltat\u00f3 nem fogad el! A csomagok k\u00e9zbes\u00edt\u00e9se munkanapokon t\u00f6rt\u00e9nik 8-17 \u00f3ra k\u00f6z\u00f6tti id\u0151szakban. A&nbsp;szem\u00e9lyes&nbsp;\u00e1tv\u00e9telre \u00f6sszek\u00e9sz\u00edtett csomagok \u00e1tv\u00e9tel\u00e9re&nbsp;el\u0151zetes egyeztet\u00e9s ut\u00e1n&nbsp;van lehet\u0151s\u00e9g\u00fck a Felhaszn\u00e1l\u00f3knak.<\/p>\n<p><!-- \/wp:paragraph --><!-- wp:paragraph --><\/p>\n<p>5.8. Az adatok megad\u00e1s\u00e1t k\u00f6vet\u0151en Felhaszn\u00e1l\u00f3 a \u201dmegrendelem\u201d gombra kattintva tudja elk\u00fcldeni megrendel\u00e9s\u00e9t, el\u0151tte azonban m\u00e9g egyszer ellen\u0151rizheti a megadott adatokat, illetve megjegyz\u00e9st is k\u00fcldhet a megrendel\u00e9s\u00e9vel, vagy e-mailben jelezheti fel\u00e9nk egy\u00e9b, rendel\u00e9ssel kapcsolatos k\u00edv\u00e1ns\u00e1g\u00e1t.<\/p>\n<p><!-- \/wp:paragraph --><!-- wp:paragraph --><\/p>\n<p>5.9. Felhaszn\u00e1l\u00f3 a megrendel\u00e9ssel tudom\u00e1sul veszi, hogy fizet\u00e9si k\u00f6telezetts\u00e9ge keletkezik.<\/p>\n<p><!-- \/wp:paragraph --><!-- wp:paragraph --><\/p>\n<p>5.10. Adatbeviteli hib\u00e1k jav\u00edt\u00e1sa: Felhaszn\u00e1l\u00f3 a megrendel\u00e9si folyamat lez\u00e1r\u00e1sa el\u0151tt minden esetben vissza tud l\u00e9pni az el\u0151z\u0151 f\u00e1zisba, ahol jav\u00edtani tudja a bevitt adatokat. R\u00e9szletesen: A rendel\u00e9s sor\u00e1n lehet\u0151s\u00e9g van a kos\u00e1r tartalm\u00e1nak megtekint\u00e9s\u00e9re, illetve m\u00f3dos\u00edt\u00e1s\u00e1ra, amennyiben a kos\u00e1r nem a megrendelni k\u00edv\u00e1nt mennyis\u00e9get tartalmazza, \u00fagy a mennyis\u00e9g oszlopban tal\u00e1lhat\u00f3 adatbeviteli mez\u0151be Felhaszn\u00e1l\u00f3 be tudja \u00edrni a rendelni k\u00edv\u00e1nt mennyis\u00e9g darabsz\u00e1m\u00e1t, a friss\u00edt\u00e9s automatikusan v\u00e9ghez megy. Amennyiben t\u00f6r\u00f6lni k\u00edv\u00e1nja Felhaszn\u00e1l\u00f3 a kos\u00e1rban tal\u00e1lhat\u00f3 term\u00e9keket, akkor a \u201et\u00f6rl\u00e9s\u201d gombra kattint. A rendel\u00e9s sor\u00e1n a Felhaszn\u00e1l\u00f3nak folyamatosan lehet\u0151s\u00e9ge van a bevitt adtok jav\u00edt\u00e1s\u00e1ra\/t\u00f6rl\u00e9s\u00e9re.<\/p>\n<p><!-- \/wp:paragraph --><!-- wp:paragraph --><\/p>\n<p>5.11. Felhaszn\u00e1l\u00f3 e-mail-ben a megrendel\u00e9s elk\u00fcld\u00e9s\u00e9t k\u00f6vet\u0151en visszaigazol\u00e1st kap. Amennyiben e visszaigazol\u00e1s Felhaszn\u00e1l\u00f3 megrendel\u00e9s\u00e9nek elk\u00fcld\u00e9s\u00e9t\u0151l sz\u00e1m\u00edtott, a szolg\u00e1ltat\u00e1s jelleg\u00e9t\u0151l f\u00fcgg\u0151 elv\u00e1rhat\u00f3 hat\u00e1rid\u0151n bel\u00fcl, de legk\u00e9s\u0151bb 48 \u00f3r\u00e1n bel\u00fcl Felhaszn\u00e1l\u00f3hoz nem \u00e9rkezik meg, Felhaszn\u00e1l\u00f3 az aj\u00e1nlati k\u00f6t\u00f6tts\u00e9g vagy szerz\u0151d\u00e9ses k\u00f6telezetts\u00e9g al\u00f3l mentes\u00fcl. A megrendel\u00e9s \u00e9s annak visszaigazol\u00e1sa akkor tekintend\u0151 a Szolg\u00e1ltat\u00f3hoz, illetve az Felhaszn\u00e1l\u00f3hoz meg\u00e9rkezettnek, amikor az sz\u00e1m\u00e1ra hozz\u00e1f\u00e9rhet\u0151v\u00e9 v\u00e1lik. Szolg\u00e1ltat\u00f3 kiz\u00e1rja a visszaigazol\u00e1si felel\u0151ss\u00e9g\u00e9t, ha a visszaigazol\u00e1s az\u00e9rt nem \u00e9rkezik meg id\u0151ben, mert Felhaszn\u00e1l\u00f3 rossz e-mail c\u00edmet adott meg regisztr\u00e1ci\u00f3ja sor\u00e1n, vagy a fi\u00f3kj\u00e1hoz tartoz\u00f3 t\u00e1rhely tel\u00edtetts\u00e9ge miatt nem tud \u00fczenetet fogadni.<\/p>\n<p><!-- \/wp:paragraph --><!-- wp:paragraph --><\/p>\n<p>5.12. Felhaszn\u00e1l\u00f3 tudom\u00e1sul veszi, hogy az el\u0151z\u0151 pontban taglalt visszaigazol\u00e1s csup\u00e1n automata visszaigazol\u00e1s, azzal szerz\u0151d\u00e9s nem keletkeztet. A szerz\u0151d\u00e9s akkor j\u00f6n l\u00e9tre, amikor Szolg\u00e1ltat\u00f3 az el\u0151z\u0151 pontban megnevezett automata visszaigazol\u00e1st k\u00f6vet\u0151en egy \u00fajabb e-mailben \u00e9rtes\u00edti a Felhaszn\u00e1l\u00f3t a megrendel\u00e9s r\u00e9szleteir\u0151l \u00e9s v\u00e1rhat\u00f3 teljes\u00edt\u00e9s\u00e9r\u0151l.<\/p>\n<p><!-- \/wp:paragraph --><!-- wp:heading {\"level\":3} --><\/p>\n<h3 class=\"wp-block-heading\">6.&nbsp;A megrendel\u00e9sek feldolgoz\u00e1sa \u00e9s teljes\u00edt\u00e9s<\/h3>\n<p><!-- \/wp:heading --><!-- wp:paragraph --><\/p>\n<p>6.1. A megrendel\u00e9sek feldolgoz\u00e1sa&nbsp;munkanapokon&nbsp;t\u00f6rt\u00e9nik. A megrendel\u00e9s feldolgoz\u00e1sak\u00e9nt megjel\u00f6lt id\u0151pontokon k\u00edv\u00fcl is van lehet\u0151s\u00e9g a megrendel\u00e9s lead\u00e1s\u00e1ra, amennyiben az a munkaid\u0151 lej\u00e1rta ut\u00e1n t\u00f6rt\u00e9nik, az azt k\u00f6vet\u0151 napon ker\u00fcl feldolgoz\u00e1sra. Szolg\u00e1ltat\u00f3 \u00fcgyf\u00e9lszolg\u00e1lata minden esetben elektronikus \u00faton visszaigazolja, hogy mikor tudja teljes\u00edteni a megrendel\u00e9s\u00e9t.<\/p>\n<p><!-- \/wp:paragraph --><!-- wp:paragraph --><\/p>\n<p>6.2. \u00c1ltal\u00e1nos teljes\u00edt\u00e9si hat\u00e1rid\u0151, a szerz\u0151d\u00e9s l\u00e9trej\u00f6tt\u00e9t\u0151l sz\u00e1m\u00edtott 5 munkanapon bel\u00fcl.<\/p>\n<p><!-- \/wp:paragraph --><!-- wp:paragraph --><\/p>\n<p>6.3. Az ad\u00e1sv\u00e9teli szerz\u0151d\u00e9s alapj\u00e1n a Szolg\u00e1ltat\u00f3 dolog tulajdonjog\u00e1nak \u00e1truh\u00e1z\u00e1s\u00e1ra, a Felhaszn\u00e1l\u00f3 a v\u00e9tel\u00e1r megfizet\u00e9s\u00e9re \u00e9s a dolog \u00e1tv\u00e9tel\u00e9re k\u00f6teles.<\/p>\n<p><!-- \/wp:paragraph --><!-- wp:paragraph --><\/p>\n<p>6.4. Ha az elad\u00f3 v\u00e1llalkoz\u00e1s \u00e9s a vev\u0151 fogyaszt\u00f3, \u00e9s az elad\u00f3 v\u00e1llalja a dolog vev\u0151h\u00f6z t\u00f6rt\u00e9n\u0151 eljuttat\u00e1s\u00e1t, a k\u00e1rvesz\u00e9ly akkor sz\u00e1ll \u00e1t a vev\u0151re, amikor a vev\u0151 vagy az \u00e1ltala kijel\u00f6lt harmadik szem\u00e9ly birtokba veszi a dolgot. A k\u00e1rvesz\u00e9ly a fuvaroz\u00f3nak t\u00f6rt\u00e9n\u0151 \u00e1tad\u00e1skor \u00e1tsz\u00e1ll a vev\u0151re, ha a fuvaroz\u00f3t a vev\u0151 b\u00edzta meg, felt\u00e9ve, hogy a fuvaroz\u00f3t nem az elad\u00f3 aj\u00e1nlotta.<\/p>\n<p><!-- \/wp:paragraph --><!-- wp:paragraph --><\/p>\n<p>6.5. Ha az elad\u00f3 v\u00e1llalkoz\u00e1s \u00e9s a vev\u0151 fogyaszt\u00f3, a felek elt\u00e9r\u0151 meg\u00e1llapod\u00e1s\u00e1nak hi\u00e1ny\u00e1ban, az elad\u00f3 (jelen \u00c1SZF szerint: Szolg\u00e1ltat\u00f3) a szerz\u0151d\u00e9s megk\u00f6t\u00e9s\u00e9t k\u00f6vet\u0151en k\u00e9sedelem n\u00e9lk\u00fcl, de legk\u00e9s\u0151bb harminc napon bel\u00fcl k\u00f6teles a vev\u0151 (Felhaszn\u00e1l\u00f3) rendelkez\u00e9s\u00e9re bocs\u00e1tani a dolgot.<\/p>\n<p><!-- \/wp:paragraph --><!-- wp:paragraph --><\/p>\n<p>6.6. A Szolg\u00e1ltat\u00f3 k\u00e9sedelme eset\u00e9n a Felhaszn\u00e1l\u00f3 jogosult p\u00f3that\u00e1rid\u0151t t\u0171zni. Ha az elad\u00f3 a p\u00f3that\u00e1rid\u0151n bel\u00fcl nem teljes\u00edt, a vev\u0151 jogosult a szerz\u0151d\u00e9st\u0151l el\u00e1llni.<\/p>\n<p><!-- \/wp:paragraph --><!-- wp:paragraph --><\/p>\n<p>6.7. A Felhaszn\u00e1l\u00f3 p\u00f3that\u00e1rid\u0151 t\u0171z\u00e9se n\u00e9lk\u00fcl jogosult a szerz\u0151d\u00e9st\u0151l el\u00e1llni, ha<\/p>\n<p><!-- \/wp:paragraph --><!-- wp:paragraph --><\/p>\n<p>a) a Szolg\u00e1ltat\u00f3 a szerz\u0151d\u00e9s teljes\u00edt\u00e9s\u00e9t megtagadta; vagy<\/p>\n<p><!-- \/wp:paragraph --><!-- wp:paragraph --><\/p>\n<p>b) a szerz\u0151d\u00e9st a felek meg\u00e1llapod\u00e1sa szerint vagy a szolg\u00e1ltat\u00e1s felismerhet\u0151 rendeltet\u00e9s\u00e9n\u00e9l fogva a meghat\u00e1rozott teljes\u00edt\u00e9si id\u0151ben &#8211; \u00e9s nem m\u00e1skor &#8211; kellett volna teljes\u00edteni.<\/p>\n<p><!-- \/wp:paragraph --><!-- wp:paragraph --><\/p>\n<p>6.8. Ha Szolg\u00e1ltat\u00f3 a szerz\u0151d\u00e9sben v\u00e1llalt k\u00f6telezetts\u00e9g\u00e9t az\u00e9rt nem teljes\u00edti, mert a szerz\u0151d\u00e9sben meghat\u00e1rozott term\u00e9k nem \u00e1ll rendelkez\u00e9s\u00e9re, k\u00f6teles err\u0151l Felhaszn\u00e1l\u00f3t halad\u00e9ktalanul t\u00e1j\u00e9koztatni, valamint Felhaszn\u00e1l\u00f3 \u00e1ltal fizetett \u00f6sszeget halad\u00e9ktalanul visszat\u00e9r\u00edteni.<\/p>\n<p><!-- \/wp:paragraph --><!-- wp:heading {\"level\":3} --><\/p>\n<h3 class=\"wp-block-heading\">7.&nbsp;Szavatoss\u00e1g, j\u00f3t\u00e1ll\u00e1s, el\u00e1ll\u00e1s<\/h3>\n<p><!-- \/wp:heading --><!-- wp:paragraph --><\/p>\n<p>Jelen szerz\u0151d\u00e9s t\u00e1rgy\u00e1t k\u00e9pez\u0151 term\u00e9kekre vonatkoz\u00f3 szavatoss\u00e1gi \u00e9s j\u00f3t\u00e1ll\u00e1si felt\u00e9telek a term\u00e9kek csomagol\u00e1s\u00e1n vagy dokument\u00e1ci\u00f3j\u00e1n tal\u00e1lhat\u00f3k.<\/p>\n<p><!-- \/wp:paragraph --><!-- wp:paragraph --><\/p>\n<p>Hib\u00e1s teljes\u00edt\u00e9s eset\u00e9n a szavatoss\u00e1gra, illetve j\u00f3t\u00e1ll\u00e1sra vonatkoz\u00f3 ig\u00e9nyre a Polg\u00e1ri T\u00f6rv\u00e9nyk\u00f6nyvr\u0151l sz\u00f3l\u00f3 2013. \u00e9vi V. t\u00f6rv\u00e9nyben (a tov\u00e1bbiakban: Ptk.), a fogyaszt\u00f3i szerz\u0151d\u00e9s keret\u00e9ben \u00e9rv\u00e9nyes\u00edtett szavatoss\u00e1gi \u00e9s j\u00f3t\u00e1ll\u00e1si ig\u00e9nyek int\u00e9z\u00e9s\u00e9r\u0151l sz\u00f3l\u00f3 49\/2003. (VII.30.) GKM rendeletben, tov\u00e1bb\u00e1 a fogyaszt\u00f3 \u00e9s a v\u00e1llalkoz\u00e1s k\u00f6z\u00f6tti szerz\u0151d\u00e9sek r\u00e9szletes szab\u00e1lyair\u00f3l sz\u00f3l\u00f3 45\/2014. (II. 26.) Korm\u00e1nyrendeletben foglaltak ir\u00e1nyad\u00f3ak.<\/p>\n<p><!-- \/wp:paragraph --><!-- wp:paragraph --><\/p>\n<p>7.1. Kell\u00e9kszavatoss\u00e1g:<\/p>\n<p><!-- \/wp:paragraph --><!-- wp:paragraph --><\/p>\n<p>Felhaszn\u00e1l\u00f3 Szolg\u00e1ltat\u00f3 hib\u00e1s teljes\u00edt\u00e9se eset\u00e9n Szolg\u00e1ltat\u00f3val szemben kell\u00e9kszavatoss\u00e1gi ig\u00e9nyt \u00e9rv\u00e9nyes\u00edthet a Ptk. szab\u00e1lyai szerint.<\/p>\n<p><!-- \/wp:paragraph --><!-- wp:paragraph --><\/p>\n<p>Felhaszn\u00e1l\u00f3 &#8211; v\u00e1laszt\u00e1sa szerint &#8211; az al\u00e1bbi kell\u00e9kszavatoss\u00e1gi ig\u00e9nyekkel \u00e9lhet:<\/p>\n<p><!-- \/wp:paragraph --><!-- wp:paragraph --><\/p>\n<p>Felhaszn\u00e1l\u00f3 k\u00e9rhet kijav\u00edt\u00e1st vagy kicser\u00e9l\u00e9st, kiv\u00e9ve, ha az \u00e1ltala v\u00e1lasztott ig\u00e9ny teljes\u00edt\u00e9se lehetetlen vagy a Szolg\u00e1ltat\u00f3 sz\u00e1m\u00e1ra m\u00e1s ig\u00e9nye teljes\u00edt\u00e9s\u00e9hez k\u00e9pest ar\u00e1nytalan t\u00f6bbletk\u00f6lts\u00e9ggel j\u00e1rna. Ha a kijav\u00edt\u00e1st vagy a kicser\u00e9l\u00e9st nem k\u00e9rte, illetve nem k\u00e9rhette Felhaszn\u00e1l\u00f3, \u00fagy ig\u00e9nyelheti az ellenszolg\u00e1ltat\u00e1s ar\u00e1nyos lesz\u00e1ll\u00edt\u00e1s\u00e1t vagy a hib\u00e1t a Szolg\u00e1ltat\u00f3 k\u00f6lts\u00e9g\u00e9re kijav\u00edthatja, illetve m\u00e1ssal kijav\u00edttathatja, vagy a szerz\u0151d\u00e9st\u0151l el\u00e1llhat.<\/p>\n<p><!-- \/wp:paragraph --><!-- wp:paragraph --><\/p>\n<p>A kijav\u00edt\u00e1st vagy kicser\u00e9l\u00e9st legfeljebb&nbsp;15&nbsp;napon bel\u00fcl, a Felhaszn\u00e1l\u00f3 \u00e1ltal elv\u00e1rhat\u00f3 rendeltet\u00e9sre figyelemmel, a Felhaszn\u00e1l\u00f3nak okozott jelent\u0151s k\u00e9nyelmetlens\u00e9g n\u00e9lk\u00fcl v\u00e9gzi el a Szolg\u00e1ltat\u00f3. Amennyiben Szolg\u00e1ltat\u00f3 nem tud eleget tenni a hat\u00e1rid\u0151n bel\u00fcli jav\u00edt\u00e1snak, illetve cser\u00e9nek, akkor Felhaszn\u00e1l\u00f3 jogosult megfelel\u0151 \u00e1rlesz\u00e1ll\u00edt\u00e1st k\u00e9rni vagy el\u00e1llni a szerz\u0151d\u00e9st\u0151l, azaz a hib\u00e1s term\u00e9k visszaszolg\u00e1ltat\u00e1sa fej\u00e9ben teljes v\u00e9tel\u00e1r-visszat\u00e9r\u00edt\u00e9st k\u00f6vetelni.<\/p>\n<p><!-- \/wp:paragraph --><!-- wp:paragraph --><\/p>\n<p>Jelent\u00e9ktelen hiba miatt el\u00e1ll\u00e1snak nincs helye.<\/p>\n<p><!-- \/wp:paragraph --><!-- wp:paragraph --><\/p>\n<p>Felhaszn\u00e1l\u00f3 az \u00e1ltala v\u00e1lasztott kell\u00e9kszavatoss\u00e1gi jog\u00e1r\u00f3l egy m\u00e1sikra is \u00e1tt\u00e9rhet, az \u00e1tt\u00e9r\u00e9s k\u00f6lts\u00e9g\u00e9t azonban Felhaszn\u00e1l\u00f3 viseli, kiv\u00e9ve, ha az indokolt volt, vagy arra Szolg\u00e1ltat\u00f3 adott okot.<\/p>\n<p><!-- \/wp:paragraph --><!-- wp:paragraph --><\/p>\n<p>Felhaszn\u00e1l\u00f3 k\u00f6teles a hib\u00e1t annak felfedez\u00e9se ut\u00e1n halad\u00e9ktalanul, legk\u00e9s\u0151bb a hiba felfedez\u00e9s\u00e9t\u0151l sz\u00e1m\u00edtott kett\u0151 h\u00f3napon bel\u00fcl k\u00f6z\u00f6lni. A szerz\u0151d\u00e9s teljes\u00edt\u00e9s\u00e9t\u0151l sz\u00e1m\u00edtott k\u00e9t \u00e9ves el\u00e9v\u00fcl\u00e9si hat\u00e1rid\u0151n t\u00fal kell\u00e9kszavatoss\u00e1gi jogait a Felhaszn\u00e1l\u00f3 nem \u00e9rv\u00e9nyes\u00edtheti.<\/p>\n<p><!-- \/wp:paragraph --><!-- wp:paragraph --><\/p>\n<p>Felhaszn\u00e1l\u00f3 Szolg\u00e1ltat\u00f3val szemben \u00e9rv\u00e9nyes\u00edtheti kell\u00e9kszavatoss\u00e1gi ig\u00e9ny\u00e9t.<\/p>\n<p><!-- \/wp:paragraph --><!-- wp:paragraph --><\/p>\n<p>A teljes\u00edt\u00e9st\u0151l sz\u00e1m\u00edtott hat h\u00f3napon bel\u00fcl a kell\u00e9kszavatoss\u00e1gi ig\u00e9ny \u00e9rv\u00e9nyes\u00edt\u00e9s\u00e9nek a hiba k\u00f6zl\u00e9s\u00e9n t\u00fal nincs egy\u00e9b felt\u00e9tele, amennyiben Felhaszn\u00e1l\u00f3 igazolja, hogy a term\u00e9ket Szolg\u00e1ltat\u00f3t\u00f3l v\u00e1s\u00e1rolta. A teljes\u00edt\u00e9st\u0151l sz\u00e1m\u00edtott hat h\u00f3nap eltelte ut\u00e1n azonban Felhaszn\u00e1l\u00f3 k\u00f6teles bizony\u00edtani, hogy az \u00e1ltala felismert hiba m\u00e1r a teljes\u00edt\u00e9s id\u0151pontj\u00e1ban is fenn\u00e1llt.<\/p>\n<p><!-- \/wp:paragraph --><!-- wp:paragraph --><\/p>\n<p>Szavatoss\u00e1gi ig\u00e9ny a sz\u00e1mla bemutat\u00e1s\u00e1val \u00e9rv\u00e9nyes\u00edthet\u0151, a v\u00e1s\u00e1rl\u00e1st k\u00f6vet\u0151 2 \u00e9ven bel\u00fcl, ha a meghib\u00e1sod\u00e1s a v\u00e1s\u00e1rl\u00e1skor m\u00e1r megl\u00e9v\u0151 gy\u00e1ri hib\u00e1b\u00f3l ered.<\/p>\n<p><!-- \/wp:paragraph --><!-- wp:paragraph --><\/p>\n<p>Az els\u0151 hat h\u00f3napban Szolg\u00e1ltat\u00f3 k\u00f6teles a szavatoss\u00e1gi ig\u00e9nyt elint\u00e9zni. Hat h\u00f3napon t\u00fal Felhaszn\u00e1l\u00f3 az illet\u00e9kes fogyaszt\u00f3v\u00e9delmi szervhez fordulhat.<\/p>\n<p><!-- \/wp:paragraph --><!-- wp:paragraph --><\/p>\n<p>Ha a szerz\u0151d\u0151 felek a szavatoss\u00e1gi ig\u00e9ny \u00e9rv\u00e9nyes\u00edt\u00e9se sor\u00e1n nem tudnak meg\u00e1llapodni, Felhaszn\u00e1l\u00f3 a Szolg\u00e1ltat\u00f3 sz\u00e9khelye szerint illet\u00e9kes b\u00e9k\u00e9ltet\u0151 test\u00fclethez fordulhat.&nbsp;<\/p>\n<p><!-- \/wp:paragraph --><!-- wp:paragraph --><\/p>\n<p>A Budapesti B\u00e9k\u00e9ltet\u0151 Test\u00fclet el\u00e9rhet\u0151s\u00e9gei:<\/p>\n<p><!-- \/wp:paragraph --><!-- wp:paragraph --><\/p>\n<p>Budapesti B\u00e9k\u00e9ltet\u0151 Test\u00fclet<\/p>\n<p><!-- \/wp:paragraph --><!-- wp:paragraph --><\/p>\n<p>C\u00edme: 1016 Budapest, Krisztina krt. 99.<\/p>\n<p><!-- \/wp:paragraph --><!-- wp:paragraph --><\/p>\n<p>Telefonsz\u00e1ma: (1) 488-2131<\/p>\n<p><!-- \/wp:paragraph --><!-- wp:paragraph --><\/p>\n<p>Fax sz\u00e1ma: (1) 488-2186<\/p>\n<p><!-- \/wp:paragraph --><!-- wp:paragraph --><\/p>\n<p>N\u00e9v: Dr. Baranovszky Gy\u00f6rgy<\/p>\n<p><!-- \/wp:paragraph --><!-- wp:paragraph --><\/p>\n<p class=\"translation-block\">E-mail c\u00edm:&nbsp;<a href=\"mailto:bekelteto.testulet@bkik.hu\" target=\"_self\">bekelteto.testulet@bkik.hu<\/a><\/p>\n<p><!-- \/wp:paragraph --><!-- wp:paragraph --><\/p>\n<p>Online vitarendez\u00e9s:<\/p>\n<p><!-- \/wp:paragraph --><!-- wp:paragraph --><\/p>\n<p>Az Eur\u00f3pai bizotts\u00e1g l\u00e9trehozott egy honlapot, amelyen a fogyaszt\u00f3k beregisztr\u00e1lhatnak, \u00edgy ezen kereszt\u00fcl lehet\u0151s\u00e9g\u00fck ny\u00edlik arra, hogy online v\u00e1s\u00e1rl\u00e1shoz kapcsol\u00f3d\u00f3 jogvit\u00e1ikat ezen kereszt\u00fcl rendezz\u00e9k egy k\u00e9relem kit\u00f6lt\u00e9s\u00e9vel, elker\u00fclve a b\u00edr\u00f3s\u00e1gi elj\u00e1r\u00e1st. A port\u00e1lon \u00d6n \u00e9s&nbsp; a keresked\u0151, akivel szemben panasszal \u00e9lt, k\u00f6z\u00f6sen tudj\u00e1k kiv\u00e1lasztani a panasz rendez\u00e9s\u00e9vel megb\u00edzni k\u00edv\u00e1nt vitarendez\u00e9si test\u00fcletet.<\/p>\n<p><!-- \/wp:paragraph --><!-- wp:paragraph --><\/p>\n<p>Az online vitarendez\u00e9si platform itt \u00e9rhet\u0151 el:&nbsp;<a href=\"https:\/\/webgate.ec.europa.eu\/odr\/main\/?event=main.home.show&amp;lng=HU\">https:\/\/webgate.ec.europa.eu\/odr\/main\/?event=main.home.show&amp;lng=HU<\/a><\/p>\n<p><!-- \/wp:paragraph --><!-- wp:paragraph --><\/p>\n<p>Amennyiben fenti elj\u00e1r\u00e1sok nem vezetnek eredm\u00e9nyre, a szerz\u0151d\u00e9sszeg\u00e9s t\u00e9ny\u00e9nek \u00e9s a szavatoss\u00e1gi ig\u00e9ny jogoss\u00e1g\u00e1nak meg\u00e1llap\u00edt\u00e1sa b\u00edr\u00f3s\u00e1gi hat\u00e1sk\u00f6rbe tartozik.<\/p>\n<p><!-- \/wp:paragraph --><!-- wp:paragraph --><\/p>\n<p>7.2. Term\u00e9kszavatoss\u00e1g:<\/p>\n<p><!-- \/wp:paragraph --><!-- wp:paragraph --><\/p>\n<p>A term\u00e9k hib\u00e1ja eset\u00e9n a Felhaszn\u00e1l\u00f3 &#8211; v\u00e1laszt\u00e1sa szerint &#8211; kell\u00e9kszavatoss\u00e1gi vagy term\u00e9kszavatoss\u00e1gi ig\u00e9nyt \u00e9rv\u00e9nyes\u00edthet.<\/p>\n<p><!-- \/wp:paragraph --><!-- wp:paragraph --><\/p>\n<p>Term\u00e9kszavatoss\u00e1gi ig\u00e9nyk\u00e9nt a Felhaszn\u00e1l\u00f3 kiz\u00e1r\u00f3lag a hib\u00e1s term\u00e9k kijav\u00edt\u00e1s\u00e1t vagy kicser\u00e9l\u00e9s\u00e9t k\u00e9rheti.<\/p>\n<p><!-- \/wp:paragraph --><!-- wp:paragraph --><\/p>\n<p>A term\u00e9k akkor hib\u00e1s, ha az nem felel meg a forgalomba hozatalakor hat\u00e1lyos min\u0151s\u00e9gi k\u00f6vetelm\u00e9nyeknek vagy pedig, ha nem rendelkezik a gy\u00e1rt\u00f3 \u00e1ltal adott le\u00edr\u00e1sban szerepl\u0151 tulajdons\u00e1gokkal.<\/p>\n<p><!-- \/wp:paragraph --><!-- wp:paragraph --><\/p>\n<p>Term\u00e9kszavatoss\u00e1gi ig\u00e9ny\u00e9t Felhaszn\u00e1l\u00f3 a term\u00e9k gy\u00e1rt\u00f3 \u00e1ltali forgalomba hozatal\u00e1t\u00f3l sz\u00e1m\u00edtott k\u00e9t \u00e9ven bel\u00fcl \u00e9rv\u00e9nyes\u00edtheti. E hat\u00e1rid\u0151 eltelt\u00e9vel e jogosults\u00e1g\u00e1t elveszti.<\/p>\n<p><!-- \/wp:paragraph --><!-- wp:paragraph --><\/p>\n<p>Term\u00e9kszavatoss\u00e1gi ig\u00e9ny\u00e9t kiz\u00e1r\u00f3lag a term\u00e9k gy\u00e1rt\u00f3j\u00e1val vagy forgalmaz\u00f3j\u00e1val szemben gyakorolhatja Felhaszn\u00e1l\u00f3. A term\u00e9k hib\u00e1j\u00e1t term\u00e9kszavatoss\u00e1gi ig\u00e9ny \u00e9rv\u00e9nyes\u00edt\u00e9se eset\u00e9n a Felhaszn\u00e1l\u00f3nak kell bizony\u00edtania.<\/p>\n<p><!-- \/wp:paragraph --><!-- wp:paragraph --><\/p>\n<p>A gy\u00e1rt\u00f3, illetve forgalmaz\u00f3 kiz\u00e1r\u00f3lag akkor mentes\u00fcl term\u00e9kszavatoss\u00e1gi k\u00f6telezetts\u00e9ge al\u00f3l, ha bizony\u00edtani tudja, hogy:<\/p>\n<p><!-- \/wp:paragraph --><!-- wp:paragraph --><\/p>\n<p>&#8211; a term\u00e9ket nem \u00fczleti tev\u00e9kenys\u00e9ge k\u00f6r\u00e9ben gy\u00e1rtotta, illetve hozta forgalomba, vagy<\/p>\n<p><!-- \/wp:paragraph --><!-- wp:paragraph --><\/p>\n<p>&#8211; a hiba a tudom\u00e1ny \u00e9s a technika \u00e1ll\u00e1sa szerint a forgalomba hozatal id\u0151pontj\u00e1ban nem volt felismerhet\u0151 vagy<\/p>\n<p><!-- \/wp:paragraph --><!-- wp:paragraph --><\/p>\n<p>&#8211; a term\u00e9k hib\u00e1ja jogszab\u00e1ly vagy k\u00f6telez\u0151 hat\u00f3s\u00e1gi el\u0151\u00edr\u00e1s alkalmaz\u00e1s\u00e1b\u00f3l ered.<\/p>\n<p><!-- \/wp:paragraph --><!-- wp:paragraph --><\/p>\n<p>A gy\u00e1rt\u00f3nak, illetve forgalmaz\u00f3nak a mentes\u00fcl\u00e9shez elegend\u0151 a fentiek k\u00f6z\u00fcl egy okot bizony\u00edtania.<\/p>\n<p><!-- \/wp:paragraph --><!-- wp:paragraph --><\/p>\n<p>Ugyanazon hiba miatt kell\u00e9kszavatoss\u00e1gi \u00e9s term\u00e9kszavatoss\u00e1gi ig\u00e9nyt egyszerre, egym\u00e1ssal p\u00e1rhuzamosan nem \u00e9rv\u00e9nyes\u00edthet a Felhaszn\u00e1l\u00f3. Term\u00e9kszavatoss\u00e1gi ig\u00e9ny\u00e9nek eredm\u00e9nyes \u00e9rv\u00e9nyes\u00edt\u00e9se eset\u00e9n azonban a kicser\u00e9lt term\u00e9kre, illetve kijav\u00edtott r\u00e9szre vonatkoz\u00f3 kell\u00e9kszavatoss\u00e1gi ig\u00e9ny\u00e9t a gy\u00e1rt\u00f3val szemben \u00e9rv\u00e9nyes\u00edtheti.<\/p>\n<p><!-- \/wp:paragraph --><!-- wp:paragraph --><\/p>\n<p>7.3. J\u00f3t\u00e1ll\u00e1s:<\/p>\n<p><!-- \/wp:paragraph --><!-- wp:paragraph --><\/p>\n<p>Az egyes tart\u00f3s fogyaszt\u00e1si cikkekre vonatkoz\u00f3 k\u00f6telez\u0151 j\u00f3t\u00e1ll\u00e1sr\u00f3l sz\u00f3l\u00f3 151\/2003. (IX. 22.) Korm\u00e1nyrendelet mell\u00e9klet\u00e9ben meghat\u00e1rozott tart\u00f3s fogyaszt\u00e1si cikkekre vonatkoz\u00f3an hib\u00e1s teljes\u00edt\u00e9s eset\u00e9n j\u00f3t\u00e1ll\u00e1si k\u00f6telezetts\u00e9g terheli Szolg\u00e1ltat\u00f3t, mely j\u00f3t\u00e1ll\u00e1s id\u0151tartama egy \u00e9v.<\/p>\n<p><!-- \/wp:paragraph --><!-- wp:paragraph --><\/p>\n<p>Szolg\u00e1ltat\u00f3 j\u00f3t\u00e1ll\u00e1si k\u00f6telezetts\u00e9ge al\u00f3l csak abban az esetben mentes\u00fcl, ha bizony\u00edtja, hogy a hiba oka a teljes\u00edt\u00e9s ut\u00e1n keletkezett.<\/p>\n<p><!-- \/wp:paragraph --><!-- wp:paragraph --><\/p>\n<p>Ugyanazon hiba miatt kell\u00e9kszavatoss\u00e1gi \u00e9s j\u00f3t\u00e1ll\u00e1si ig\u00e9nyt, illetve term\u00e9kszavatoss\u00e1gi \u00e9s j\u00f3t\u00e1ll\u00e1si ig\u00e9nyt egyszerre, egym\u00e1ssal p\u00e1rhuzamosan nem \u00e9rv\u00e9nyes\u00edthet a Felhaszn\u00e1l\u00f3.<\/p>\n<p><!-- \/wp:paragraph --><!-- wp:paragraph --><\/p>\n<p>7.4. El\u00e1ll\u00e1s:<\/p>\n<p><!-- \/wp:paragraph --><!-- wp:paragraph --><\/p>\n<p>Felhaszn\u00e1l\u00f3 a term\u00e9k k\u00e9zhezv\u00e9tel\u00e9t\u0151l sz\u00e1m\u00edtott tizenn\u00e9gy napon bel\u00fcl indokol\u00e1s n\u00e9lk\u00fcl el\u00e1llhat a v\u00e1s\u00e1rl\u00e1st\u00f3l.&nbsp;Az el\u00e1ll\u00e1s abban az esetben is \u00e9rv\u00e9nyes, ha az arra ir\u00e1nyul\u00f3 k\u00e9relmet Felhaszn\u00e1l\u00f3 a v\u00e1s\u00e1rl\u00e1st\u00f3l sz\u00e1m\u00edtott tizennegyedik napon \u00edr\u00e1sban k\u00fcldi el. Felhaszn\u00e1l\u00f3&nbsp;el\u00e1ll\u00e1si jog\u00e1t a szerz\u0151d\u00e9s megk\u00f6t\u00e9s\u00e9nek napja \u00e9s a term\u00e9k \u00e1tv\u00e9tel\u00e9nek napja k\u00f6z\u00f6tti id\u0151szakban is gyakorolhatja.<\/p>\n<p><!-- \/wp:paragraph --><!-- wp:paragraph --><\/p>\n<p>Felhaszn\u00e1l\u00f3 el\u00e1ll\u00e1si ig\u00e9ny\u00e9t e-mailben vagy a megadott telefonos el\u00e9rhet\u0151s\u00e9gen is bejelentheti.<\/p>\n<p><!-- \/wp:paragraph --><!-- wp:paragraph --><\/p>\n<p>Felhaszn\u00e1l\u00f3t terheli annak bizony\u00edt\u00e1sa, hogy hat\u00e1rid\u0151ben \u00e9s megfelel\u0151 m\u00f3don \u00e1llt el a szerz\u0151d\u00e9st\u0151l.<\/p>\n<p><!-- \/wp:paragraph --><!-- wp:paragraph --><\/p>\n<p>Ha Felhaszn\u00e1l\u00f3 el\u00e1ll a szerz\u0151d\u00e9st\u0151l, k\u00f6teles a term\u00e9ket halad\u00e9ktalanul, de legk\u00e9s\u0151bb az el\u00e1ll\u00e1s k\u00f6zl\u00e9s\u00e9t\u0151l sz\u00e1m\u00edtott tizenn\u00e9gy napon bel\u00fcl visszak\u00fcldeni, illetve Szolg\u00e1ltat\u00f3nak vagy a Szolg\u00e1ltat\u00f3 \u00e1ltal a term\u00e9k \u00e1tv\u00e9tel\u00e9re meghatalmazott szem\u00e9lynek \u00e1tadni, kiv\u00e9ve, ha Szolg\u00e1ltat\u00f3 v\u00e1llalta, hogy a term\u00e9ket maga fuvarozza vissza. A visszak\u00fcld\u00e9s hat\u00e1rid\u0151ben teljes\u00edtettnek min\u0151s\u00fcl, ha Felhaszn\u00e1l\u00f3 a term\u00e9ket a hat\u00e1rid\u0151 lej\u00e1rta el\u0151tt elk\u00fcldi.<\/p>\n<p><!-- \/wp:paragraph --><!-- wp:paragraph --><\/p>\n<p>Ha Felhaszn\u00e1l\u00f3 megfelel\u0151 m\u00f3don el\u00e1ll a szerz\u0151d\u00e9st\u0151l, Szolg\u00e1ltat\u00f3 halad\u00e9ktalanul, de legk\u00e9s\u0151bb az el\u00e1ll\u00e1sr\u00f3l val\u00f3 tudom\u00e1sszerz\u00e9s\u00e9t\u0151l sz\u00e1m\u00edtott tizenn\u00e9gy napon bel\u00fcl visszat\u00e9r\u00edti a Felhaszn\u00e1l\u00f3 \u00e1ltal ellenszolg\u00e1ltat\u00e1sk\u00e9nt megfizetett teljes \u00f6sszeget, ide\u00e9rtve a teljes\u00edt\u00e9ssel \u00f6sszef\u00fcgg\u00e9sben felmer\u00fclt k\u00f6lts\u00e9geket is, amennyiben Felhaszn\u00e1l\u00f3 visszak\u00fcldte Szolg\u00e1ltat\u00f3 r\u00e9sz\u00e9re a szerz\u0151d\u00e9s t\u00e1rgy\u00e1t k\u00e9pez\u0151 term\u00e9ket.<\/p>\n<p><!-- \/wp:paragraph --><!-- wp:paragraph --><\/p>\n<p>Megfelel\u0151 el\u00e1ll\u00e1s eset\u00e9n Szolg\u00e1ltat\u00f3 a Felhaszn\u00e1l\u00f3nak visszaj\u00e1r\u00f3 \u00f6sszeget a Felhaszn\u00e1l\u00f3 \u00e1ltal ig\u00e9nybe vett fizet\u00e9si m\u00f3ddal megegyez\u0151 m\u00f3don t\u00e9r\u00edti vissza. Felhaszn\u00e1l\u00f3 kifejezett beleegyez\u00e9se alapj\u00e1n Szolg\u00e1ltat\u00f3 a visszat\u00e9r\u00edt\u00e9sre m\u00e1s fizet\u00e9si m\u00f3dot is alkalmazhat, de Felhaszn\u00e1l\u00f3t ebb\u0151l ad\u00f3d\u00f3an semmilyen t\u00f6bbletd\u00edj nem terhelheti.<\/p>\n<p><!-- \/wp:paragraph --><!-- wp:paragraph --><\/p>\n<p>Ha Felhaszn\u00e1l\u00f3 kifejezetten a legkev\u00e9sb\u00e9 k\u00f6lts\u00e9ges szok\u00e1sos fuvaroz\u00e1si m\u00f3dt\u00f3l elt\u00e9r\u0151 fuvaroz\u00e1si m\u00f3dot v\u00e1laszt, Szolg\u00e1ltat\u00f3 nem k\u00f6teles visszat\u00e9r\u00edteni az ebb\u0151l ered\u0151 t\u00f6bbletk\u00f6lts\u00e9geket.<\/p>\n<p><!-- \/wp:paragraph --><!-- wp:paragraph --><\/p>\n<p>Szolg\u00e1ltat\u00f3 mindaddig visszatarthatja a Felhaszn\u00e1l\u00f3 \u00e1ltal ellenszolg\u00e1ltat\u00e1sk\u00e9nt megfizetett \u00f6sszeget, am\u00edg Felhaszn\u00e1l\u00f3 a term\u00e9ket vissza nem szolg\u00e1ltatta r\u00e9sz\u00e9re, vagy k\u00e9ts\u00e9get kiz\u00e1r\u00f3an nem igazolta, hogy azt visszak\u00fcldte, a kett\u0151 k\u00f6z\u00fcl a kor\u00e1bbi id\u0151pontot kell figyelembe venni. Nem illeti meg Szolg\u00e1ltat\u00f3t a visszatart\u00e1s joga, ha v\u00e1llalta, hogy a term\u00e9ket maga fuvarozza vissza.<\/p>\n<p><!-- \/wp:paragraph --><!-- wp:paragraph --><\/p>\n<p>Felhaszn\u00e1l\u00f3 kiz\u00e1r\u00f3lag a term\u00e9k visszak\u00fcld\u00e9s\u00e9nek k\u00f6zvetlen k\u00f6lts\u00e9g\u00e9t viseli, kiv\u00e9ve, ha Szolg\u00e1ltat\u00f3 v\u00e1llalta e k\u00f6lts\u00e9g visel\u00e9s\u00e9t.<\/p>\n<p><!-- \/wp:paragraph --><!-- wp:paragraph --><\/p>\n<p>Ha a szerz\u0151d\u00e9s megk\u00f6t\u00e9s\u00e9vel egyidej\u0171leg a term\u00e9ket kifuvarozt\u00e1k a Felhaszn\u00e1l\u00f3nak, Szolg\u00e1ltat\u00f3 saj\u00e1t k\u00f6lts\u00e9g\u00e9n fuvarozza vissza a term\u00e9ket, ha az jelleg\u00e9n\u00e9l fogva postai k\u00fcldem\u00e9nyk\u00e9nt nem k\u00fcldhet\u0151 vissza.<\/p>\n<p><!-- \/wp:paragraph --><!-- wp:paragraph --><\/p>\n<p>Felhaszn\u00e1l\u00f3 csak a term\u00e9k jelleg\u00e9nek, tulajdons\u00e1gainak \u00e9s m\u0171k\u00f6d\u00e9s\u00e9nek meg\u00e1llap\u00edt\u00e1s\u00e1hoz sz\u00fcks\u00e9ges haszn\u00e1latot meghalad\u00f3 haszn\u00e1latb\u00f3l ered\u0151 \u00e9rt\u00e9kcs\u00f6kken\u00e9s\u00e9rt felel. Felhaszn\u00e1l\u00f3 nem felel az \u00e9rt\u00e9kcs\u00f6kken\u00e9s\u00e9rt, ha Szolg\u00e1ltat\u00f3 a t\u00e1j\u00e9koztat\u00e1si k\u00f6telezetts\u00e9g\u00e9nek nem tett eleget.<\/p>\n<p><!-- \/wp:paragraph --><!-- wp:paragraph --><\/p>\n<p>Felhaszn\u00e1l\u00f3 el\u00e1ll\u00e1si joga gyakorl\u00e1sa eset\u00e9n nem viseli az al\u00e1bbi k\u00f6lts\u00e9geket:<\/p>\n<p><!-- \/wp:paragraph --><!-- wp:paragraph --><\/p>\n<p>a) a szolg\u00e1ltat\u00e1s ny\u00fajt\u00e1s\u00e1ra ir\u00e1nyul\u00f3 szerz\u0151d\u00e9s teljes\u00edt\u00e9s\u00e9nek teljes vagy r\u00e9szleges k\u00f6lts\u00e9geit, ha<\/p>\n<p><!-- \/wp:paragraph --><!-- wp:paragraph --><\/p>\n<p>aa) a Szolg\u00e1ltat\u00f3 a t\u00e1j\u00e9koztat\u00e1si k\u00f6telezetts\u00e9g\u00e9nek nem tett eleget, vagy<\/p>\n<p><!-- \/wp:paragraph --><!-- wp:paragraph --><\/p>\n<p>ab) Felhaszn\u00e1l\u00f3 nem k\u00e9rte a szolg\u00e1ltat\u00e1s teljes\u00edt\u00e9s\u00e9nek megkezd\u00e9s\u00e9t a jogszab\u00e1lyban meghat\u00e1rozott hat\u00e1rid\u0151 lej\u00e1rta el\u0151tt;<\/p>\n<p><!-- \/wp:paragraph --><!-- wp:paragraph --><\/p>\n<p>b) a nem t\u00e1rgyi adathordoz\u00f3n ny\u00fajtott digit\u00e1lis adattartalom szolg\u00e1ltat\u00e1s\u00e1nak teljes vagy r\u00e9szleges k\u00f6lts\u00e9geit, ha<\/p>\n<p><!-- \/wp:paragraph --><!-- wp:paragraph --><\/p>\n<p>ba) Felhaszn\u00e1l\u00f3 nem adta kifejezett, el\u0151zetes beleegyez\u00e9s\u00e9t ahhoz, hogy a teljes\u00edt\u00e9s a jogszab\u00e1lyban meghat\u00e1rozott hat\u00e1rid\u0151 lej\u00e1rta el\u0151tt megkezd\u0151dj\u00f6n,<\/p>\n<p><!-- \/wp:paragraph --><!-- wp:paragraph --><\/p>\n<p>bb) Felhaszn\u00e1l\u00f3 a ba) pont szerinti beleegyez\u00e9se megad\u00e1s\u00e1val egyidej\u0171leg nem nyilatkozott annak tudom\u00e1sulv\u00e9tel\u00e9r\u0151l, hogy beleegyez\u00e9s\u00e9vel elveszti el\u00e1ll\u00e1si jog\u00e1t, vagy<\/p>\n<p><!-- \/wp:paragraph --><!-- wp:paragraph --><\/p>\n<p>bc) Szolg\u00e1ltat\u00f3 elmulasztotta megadni a jogszab\u00e1lyban el\u0151\u00edrt visszaigazol\u00e1st.<\/p>\n<p><!-- \/wp:paragraph --><!-- wp:paragraph --><\/p>\n<p>Felhaszn\u00e1l\u00f3t az el\u00e1ll\u00e1si joga gyakorl\u00e1s\u00e1val \u00f6sszef\u00fcgg\u00e9sben a fentiekben meghat\u00e1rozottakon fel\u00fcl tov\u00e1bbi k\u00f6lts\u00e9g \u00e9s egy\u00e9b k\u00f6telezetts\u00e9g nem terheli.<\/p>\n<p><!-- \/wp:paragraph --><!-- wp:paragraph --><\/p>\n<p>Felhaszn\u00e1l\u00f3 nem gyakorolhatja el\u00e1ll\u00e1si jog\u00e1t az al\u00e1bbi esetekben:<\/p>\n<p><!-- \/wp:paragraph --><!-- wp:paragraph --><\/p>\n<p>a) a szolg\u00e1ltat\u00e1s ny\u00fajt\u00e1s\u00e1ra ir\u00e1nyul\u00f3 szerz\u0151d\u00e9s eset\u00e9ben a szolg\u00e1ltat\u00e1s eg\u00e9sz\u00e9nek teljes\u00edt\u00e9s\u00e9t k\u00f6vet\u0151en, ha Szolg\u00e1ltat\u00f3 a teljes\u00edt\u00e9st a Felhaszn\u00e1l\u00f3 kifejezett, el\u0151zetes beleegyez\u00e9s\u00e9vel kezdte meg, \u00e9s Felhaszn\u00e1l\u00f3 tudom\u00e1sul vette, hogy a szolg\u00e1ltat\u00e1s eg\u00e9sz\u00e9nek teljes\u00edt\u00e9s\u00e9t k\u00f6vet\u0151en felmond\u00e1si jog\u00e1t elvesz\u00edti;<\/p>\n<p><!-- \/wp:paragraph --><!-- wp:paragraph --><\/p>\n<p>b) olyan term\u00e9k vagy szolg\u00e1ltat\u00e1s tekintet\u00e9ben, amelynek \u00e1ra, illetve d\u00edja a p\u00e9nzpiac Szolg\u00e1ltat\u00f3 \u00e1ltal nem befoly\u00e1solhat\u00f3 lehets\u00e9ges ingadoz\u00e1s\u00e1t\u00f3l f\u00fcgg;<\/p>\n<p><!-- \/wp:paragraph --><!-- wp:paragraph --><\/p>\n<p>c) olyan nem el\u0151re gy\u00e1rtott term\u00e9k eset\u00e9ben, amelyet a Felhaszn\u00e1l\u00f3 utas\u00edt\u00e1sa alapj\u00e1n vagy kifejezett k\u00e9r\u00e9s\u00e9re \u00e1ll\u00edtottak el\u0151, vagy olyan term\u00e9k eset\u00e9ben, amelyet egy\u00e9rtelm\u0171en a Felhaszn\u00e1l\u00f3 szem\u00e9ly\u00e9re szabtak;<\/p>\n<p><!-- \/wp:paragraph --><!-- wp:paragraph --><\/p>\n<p>d) romland\u00f3 vagy min\u0151s\u00e9g\u00e9t r\u00f6vid ideig meg\u0151rz\u0151 term\u00e9k tekintet\u00e9ben;<\/p>\n<p><!-- \/wp:paragraph --><!-- wp:paragraph --><\/p>\n<p>e) olyan z\u00e1rt csomagol\u00e1s\u00fa term\u00e9k tekintet\u00e9ben, amely eg\u00e9szs\u00e9gv\u00e9delmi vagy higi\u00e9niai okokb\u00f3l az \u00e1tad\u00e1st k\u00f6vet\u0151 felbont\u00e1sa ut\u00e1n nem k\u00fcldhet\u0151 vissza;<\/p>\n<p><!-- \/wp:paragraph --><!-- wp:paragraph --><\/p>\n<p>f) olyan term\u00e9k tekintet\u00e9ben, amely jelleg\u00e9n\u00e9l fogva az \u00e1tad\u00e1st k\u00f6vet\u0151en elv\u00e1laszthatatlanul vegy\u00fcl m\u00e1s term\u00e9kkel.<\/p>\n<p><!-- \/wp:paragraph --><!-- wp:paragraph --><\/p>\n<p>7.5. \u00c9trend-kieg\u00e9sz\u00edt\u0151kre vonatkoz\u00f3 elt\u00e9r\u0151 szab\u00e1lyoz\u00e1s:<\/p>\n<p><!-- \/wp:paragraph --><!-- wp:paragraph --><\/p>\n<p>Az \u00e9trend-kieg\u00e9sz\u00edt\u0151kre az \u00e9trend-kieg\u00e9sz\u00edt\u0151kr\u0151l sz\u00f3l\u00f3 37\/2004. (IV. 26.) ESzCsM rendelet rendelkez\u00e9sei alkalmazand\u00f3ak.<\/p>\n<p><!-- \/wp:paragraph --><!-- wp:paragraph --><\/p>\n<p>Szavatoss\u00e1gi, illetve j\u00f3t\u00e1ll\u00e1si ig\u00e9ny \u00e9trend-kieg\u00e9sz\u00edt\u0151kre vonatkoz\u00f3an nem \u00e9rv\u00e9nyes\u00edthet\u0151.<\/p>\n<p><!-- \/wp:paragraph --><!-- wp:paragraph --><\/p>\n<p>\u00c9trend-kieg\u00e9sz\u00edt\u0151k eset\u00e9ben higi\u00e9niai okokb\u00f3l, illetve mert term\u00e9szet\u00fckn\u00e9l fogva nem szolg\u00e1ltathat\u00f3ak vissza, Felhaszn\u00e1l\u00f3 nem \u00e9lhet az el\u00e1ll\u00e1s jog\u00e1val abban az esetben, amennyiben a megv\u00e1s\u00e1rolt \u00e9trend-kieg\u00e9sz\u00edt\u0151t m\u00e1r haszn\u00e1latba vette (felbontotta, fogyasztott bel\u0151le).&nbsp;Amennyiben p\u00e9ld\u00e1ul Felhaszn\u00e1l\u00f3 egy \u00e9trend-kieg\u00e9sz\u00edt\u0151 szed\u00e9s\u00e9t megkezdte, \u00e9rthet\u0151 m\u00f3don m\u00e1r nem tudja visszaszolg\u00e1ltatni a term\u00e9ket, \u00edgy a v\u00e9tel\u00e1r visszafizet\u00e9s\u00e9t sem k\u00f6vetelheti. Szolg\u00e1ltat\u00f3 teh\u00e1t kiz\u00e1r\u00f3lag s\u00e9r\u00fcl\u00e9smentes, hi\u00e1nytalan csomagol\u00e1s\u00fa \u00e9trend-kieg\u00e9sz\u00edt\u0151 visszaszolg\u00e1ltat\u00e1sa eset\u00e9n k\u00f6teles a teljes v\u00e9tel\u00e1rat Felhaszn\u00e1l\u00f3 r\u00e9sz\u00e9re megt\u00e9r\u00edteni.<\/p>\n<p><!-- \/wp:paragraph --><!-- wp:paragraph --><\/p>\n<p>Felhaszn\u00e1l\u00f3 \u00e9lhet el\u00e1ll\u00e1si jog\u00e1val, amennyiben a term\u00e9ket bontatlan \u00e1llapotban visszaszolg\u00e1ltatja Szolg\u00e1ltat\u00f3 r\u00e9sz\u00e9re. El\u0151fordulhat ugyanis, hogy a honlapon tal\u00e1lhat\u00f3 t\u00e1j\u00e9koztat\u00e1s csak sz\u0171k k\u00f6r\u0171 inform\u00e1ci\u00f3t tartalmaz a term\u00e9k haszn\u00e1lat\u00e1nak ellenjavallatair\u00f3l, azonban a dobozon l\u00e9v\u0151 c\u00edmke vagy a mell\u00e9kelt haszn\u00e1lati \u00fatmutat\u00f3 alapj\u00e1n kider\u00fcl, hogy az tartalmaz olyan \u00f6sszetev\u0151t is, amelyre Felhaszn\u00e1l\u00f3 \u00e9rz\u00e9keny, esetleg rendszeresen szedett gy\u00f3gyszer\u00e9vel, ismert betegs\u00e9g\u00e9vel \u00f6sszef\u00e9rhetetlen. Amennyiben ezt m\u00e9g a doboz (amiben m\u00e1r k\u00f6zvetlen\u00fcl csak a kapszul\u00e1k, tablett\u00e1k, stb. vannak) felbont\u00e1sa el\u0151tt ellen\u0151rizte, visszak\u00fcldheti a term\u00e9ket. Felhaszn\u00e1l\u00f3 ebben az esetben sem k\u00f6teles el\u00e1ll\u00e1sa ok\u00e1t indokolni. Szolg\u00e1ltat\u00f3 ebben az esetben a term\u00e9k visszak\u00fcld\u00e9s\u00e9t k\u00f6vet\u0151en visszat\u00e9r\u00edti Felhaszn\u00e1l\u00f3 r\u00e9sz\u00e9re a teljes v\u00e9tel\u00e1r \u00f6sszeg\u00e9t.<\/p>\n<p><!-- \/wp:paragraph --><!-- wp:heading {\"level\":3} --><\/p>\n<h3 class=\"wp-block-heading\">8.&nbsp;\u00c1rak<\/h3>\n<p><!-- \/wp:heading --><!-- wp:paragraph --><\/p>\n<p>A Web\u00e1ruh\u00e1zban felt\u00fcntetett \u00e1rak folyamatosan k\u00f6vetik a beszerz\u00e9si \u00e1rak v\u00e1ltoz\u00e1sait, ennek k\u00f6vetkezt\u00e9ben Szolg\u00e1ltat\u00f3 fenntartja mag\u00e1nak az indokol\u00e1s n\u00e9lk\u00fcli \u00e1rv\u00e1ltoztat\u00e1s jog\u00e1t. Ha ez ut\u00f3bbi bek\u00f6vetkezik, Szolg\u00e1ltat\u00f3 el\u0151zetesen egyeztet a Felhaszn\u00e1l\u00f3val, akinek lehet\u0151s\u00e9get biztos\u00edt az \u00faj \u00e1r elfogad\u00e1s\u00e1ra vagy a v\u00e1s\u00e1rl\u00e1st\u00f3l t\u00f6rt\u00e9n\u0151 el\u00e1ll\u00e1sra.<\/p>\n<p><!-- \/wp:paragraph --><!-- wp:paragraph --><\/p>\n<p>Nagyobb \u00f6sszeg\u0171 v\u00e1s\u00e1rl\u00e1s, megrendel\u00e9s eset\u00e9n Szolg\u00e1ltat\u00f3 fenntartja mag\u00e1nak a jogot, hogy a Felhaszn\u00e1l\u00f3val egyeztetve el\u0151legfizet\u00e9si k\u00f6telezetts\u00e9get k\u00f6ss\u00f6n ki.<\/p>\n<p><!-- \/wp:paragraph --><!-- wp:paragraph --><\/p>\n<p>A Web\u00e1ruh\u00e1z term\u00e9keivel kapcsolatos akci\u00f3 csak az adott akci\u00f3 visszavon\u00e1s\u00e1ig \u00e9rv\u00e9nyes.<\/p>\n<p><!-- \/wp:paragraph --><!-- wp:paragraph --><\/p>\n<p>Szolg\u00e1ltat\u00f3 fenntartja mag\u00e1nak a jogot, hogy minim\u00e1lis rendel\u00e9si \u00e9rt\u00e9khat\u00e1rt \u00e1llap\u00edtson meg. Szolg\u00e1ltat\u00f3 a Felhaszn\u00e1l\u00f3t t\u00e1j\u00e9koztatja, amennyiben a rendel\u00e9s \u00f6ssz\u00e9rt\u00e9ke nem \u00e9ri el a meghat\u00e1rozott minim\u00e1lis rendel\u00e9si \u00e9rt\u00e9khat\u00e1rt.<\/p>\n<p><!-- \/wp:paragraph --><!-- wp:heading {\"level\":3} --><\/p>\n<h3 class=\"wp-block-heading\">9.&nbsp;A Szolg\u00e1ltat\u00f3 felel\u0151ss\u00e9ge<\/h3>\n<p><!-- \/wp:heading --><!-- wp:paragraph --><\/p>\n<p>A Szolg\u00e1ltat\u00f3 nem v\u00e1llal felel\u0151ss\u00e9get a Weboldalon esetlegesen el\u0151fordul\u00f3 el\u00edr\u00e1si hib\u00e1k\u00e9rt, illetve az oldalon elhelyezett h\u00edrek, hozz\u00e1sz\u00f3l\u00e1sok, k\u00fcls\u0151 besz\u00e1ll\u00edt\u00f3k \u00e1ltal publik\u00e1lt inform\u00e1ci\u00f3k helyess\u00e9g\u00e9\u00e9rt.<\/p>\n<p><!-- \/wp:paragraph --><!-- wp:paragraph --><\/p>\n<p>A k\u00e9pek \u00e9s a le\u00edr\u00e1sok t\u00e1j\u00e9koztat\u00f3 jelleg\u0171ek, de Szolg\u00e1ltat\u00f3 mindent megtesz annak \u00e9rdek\u00e9ben, hogy az adatok a val\u00f3s\u00e1gnak megfeleljenek. A term\u00e9kek mellett tal\u00e1lhat\u00f3 fot\u00f3k szimbolikus jelleg\u0171ek, az \u00e1rucikkek csomagol\u00e1sa a megjelen\u00edt\u00e9st\u0151l elt\u00e9rhet.<\/p>\n<p><!-- \/wp:paragraph --><!-- wp:paragraph --><\/p>\n<p>A Web\u00e1ruh\u00e1zban tal\u00e1lhat\u00f3 term\u00e9kk\u00edn\u00e1lat nem az aktu\u00e1lis k\u00e9szletet, hanem a lehets\u00e9ges v\u00e1laszt\u00e9kot tartalmazza. El\u0151fordulhat, hogy a Felhaszn\u00e1l\u00f3 \u00e1ltal megrendelt term\u00e9ket Szolg\u00e1ltat\u00f3 nem tudja beszerezni. Ebben az esetben Szolg\u00e1ltat\u00f3t k\u00e1rt\u00e9r\u00edt\u00e9si k\u00f6telezetts\u00e9g nem terheli.<\/p>\n<p><!-- \/wp:paragraph --><!-- wp:paragraph --><\/p>\n<p class=\"translation-block\">A&nbsp;<a href=\"https:\/\/speltavita.hu\/sr\/\" target=\"_self\">www.speltavita.hu<\/a>&nbsp;honlapon tal\u00e1lhat\u00f3 \u00f6sszes adat, \u00edr\u00e1s, k\u00e9p, illetve a weblap szerkezete is Szolg\u00e1ltat\u00f3 tulajdon\u00e1ban \u00e1ll, az azokkal val\u00f3 vissza\u00e9l\u00e9s a szerz\u0151i jogok megs\u00e9rt\u00e9s\u00e9t jelenti, \u00e9s jogi k\u00f6vetkezm\u00e9nyeket von maga ut\u00e1n.<\/p>\n<p><!-- \/wp:paragraph --><!-- wp:paragraph --><\/p>\n<p>Szolg\u00e1ltat\u00f3 fenntartja mag\u00e1nak a jogot el\u0151zetes \u00e9rtes\u00edt\u00e9s n\u00e9lk\u00fcl a szolg\u00e1ltat\u00e1s \u00e9s a tartalom eg\u00e9sz\u00e9re, vagy csak egy r\u00e9sz\u00e9re vonatkoz\u00f3 t\u00f6rl\u00e9sre, sz\u00fcneteltet\u00e9s\u00e9re, v\u00e1ltoztat\u00e1sra, illetve a szolg\u00e1ltat\u00e1s \u00e9s a tartalom teljes k\u00f6r\u0171 vagy r\u00e9szleges megsz\u00fcntet\u00e9s\u00e9re. Az ebb\u0151l ered\u0151 k\u00e1rok\u00e9rt Szolg\u00e1ltat\u00f3 nem v\u00e1llal felel\u0151ss\u00e9get.<\/p>\n<p><!-- \/wp:paragraph --><!-- wp:heading {\"level\":3} --><\/p>\n<h3 class=\"wp-block-heading\">10.&nbsp;A Felhaszn\u00e1l\u00f3 felel\u0151ss\u00e9ge<\/h3>\n<p><!-- \/wp:heading --><!-- wp:paragraph --><\/p>\n<p>Felhaszn\u00e1l\u00f3 tudom\u00e1sul veszi, hogy megrendel\u00e9se Szolg\u00e1ltat\u00f3 \u00e1ltali j\u00f3v\u00e1hagy\u00e1s\u00e1val jelen szerz\u0151d\u00e9st elfogadja, \u00e9s az itt le\u00edrtak be nem tart\u00e1s\u00e1val szerz\u0151d\u00e9sszeg\u00e9st k\u00f6vet el, mely\u00e9rt jogi felel\u0151ss\u00e9ggel tartozik.<\/p>\n<p><!-- \/wp:paragraph --><!-- wp:paragraph --><\/p>\n<p>Felhaszn\u00e1l\u00f3 v\u00e1llalja, hogy az \u00e1ltala j\u00f3v\u00e1hagyott rendel\u00e9sekben megrendelt term\u00e9ket tartalmaz\u00f3 k\u00fcldem\u00e9nyek \u00e1tv\u00e9tel\u00e9r\u0151l \u00e9s kifizet\u00e9s\u00e9r\u0151l gondoskodik. Amennyiben a k\u00fcldem\u00e9ny k\u00e9zbes\u00edt\u00e9se Felhaszn\u00e1l\u00f3 hib\u00e1j\u00e1b\u00f3l meghi\u00fasul, az ebb\u0151l ered\u0151 t\u00f6bbletk\u00f6lts\u00e9geket Felhaszn\u00e1l\u00f3 megt\u00e9r\u00edti Szolg\u00e1ltat\u00f3 r\u00e9sz\u00e9re.<\/p>\n<p><!-- \/wp:paragraph --><!-- wp:heading {\"level\":3} --><\/p>\n<h3 class=\"wp-block-heading\">11.&nbsp;Biztons\u00e1g<\/h3>\n<p><!-- \/wp:heading --><!-- wp:paragraph --><\/p>\n<p>A Web\u00e1ruh\u00e1z haszn\u00e1lata nem jelent kock\u00e1zatot, azonban Szolg\u00e1ltat\u00f3 javasolja, hogy Felhaszn\u00e1l\u00f3 haszn\u00e1ljon v\u00edrusirt\u00f3 szoftvereket, illetve telep\u00edtse az oper\u00e1ci\u00f3s rendszer biztons\u00e1gi friss\u00edt\u00e9seit.<\/p>\n<p><!-- \/wp:paragraph --><!-- wp:paragraph --><\/p>\n<p class=\"translation-block\">A&nbsp;<a href=\"https:\/\/speltavita.hu\/sr\/\" target=\"_self\">www.speltavita.hu<\/a>&nbsp;honlapj\u00e1r\u00f3l val\u00f3 v\u00e1s\u00e1rl\u00e1s felt\u00e9telezi, hogy a Felhaszn\u00e1l\u00f3 ismeri az internet technikai \u00e9s m\u0171szaki korl\u00e1tait, \u00e9s a haszn\u00e1lat\u00e1val egy\u00fctt j\u00e1r\u00f3 hibalehet\u0151s\u00e9geket elfogadja. A Felhaszn\u00e1l\u00f3 sz\u00e1m\u00edt\u00f3g\u00e9p\u00e9n tal\u00e1lhat\u00f3 adatok v\u00e9delme Felhaszn\u00e1l\u00f3 feladata.<\/p>\n<p><!-- \/wp:paragraph --><!-- wp:paragraph --><\/p>\n<p>A weboldal f\u0151oldal\u00e1ra mutat\u00f3 linket b\u00e1rki elhelyezhet saj\u00e1t honlapj\u00e1nak fel\u00fclet\u00e9n Szolg\u00e1ltat\u00f3 k\u00fcl\u00f6n hozz\u00e1j\u00e1rul\u00e1sa n\u00e9lk\u00fcl. Bels\u0151 oldalakra mutat\u00f3 linkek elhelyezhet\u0151k abban az esetben, ha ezek a teljes oldal, \u00e9s nem csak egyetlen elem (pl. k\u00e9p) el\u00e9r\u00e9si \u00fatj\u00e1t tartalmazz\u00e1k, illetve az oldal tartalm\u00e1ra semmilyen m\u00f3don nincsenek hat\u00e1ssal, tov\u00e1bbi param\u00e9tereket nem tartalmaznak. Tilos linket \u00fagy elhelyezni, hogy az a weboldalt valamely m\u00e1s oldal r\u00e9szek\u00e9nt jelen\u00edtse meg.<\/p>\n<p><!-- \/wp:paragraph --><!-- wp:heading {\"level\":3} --><\/p>\n<h3 class=\"wp-block-heading\">12.&nbsp;Jogi nyilatkozat<\/h3>\n<p><!-- \/wp:heading --><!-- wp:paragraph --><\/p>\n<p>Szolg\u00e1ltat\u00f3 kijelenti, hogy tev\u00e9kenys\u00e9g\u00e9t a jogszab\u00e1lyoknak megfelel\u0151en l\u00e1tja el, az elektronikus kereskedelmi szolg\u00e1ltat\u00e1sok, valamint az inform\u00e1ci\u00f3s t\u00e1rsadalommal \u00f6sszef\u00fcgg\u0151 szolg\u00e1ltat\u00e1sok egyes k\u00e9rd\u00e9seir\u0151l sz\u00f3l\u00f3 2001. \u00e9vi CVIII. t\u00f6rv\u00e9ny, a kereskedelemr\u0151l sz\u00f3l\u00f3 2005. \u00e9vi CLXIV. t\u00f6rv\u00e9ny, a szolg\u00e1ltat\u00e1si tev\u00e9kenys\u00e9g megkezd\u00e9s\u00e9nek \u00e9s folytat\u00e1s\u00e1nak \u00e1ltal\u00e1nos szab\u00e1lyair\u00f3l sz\u00f3l\u00f3 2009. \u00e9vi LXXVI. t\u00f6rv\u00e9ny, valamint a kereskedelmi tev\u00e9kenys\u00e9g v\u00e9gz\u00e9s\u00e9nek felt\u00e9teleir\u0151l sz\u00f3l\u00f3 210\/2009. (IX.29.) Korm\u00e1nyrendelet szab\u00e1lyai szerint m\u0171k\u00f6dik.<\/p>\n<p><!-- \/wp:paragraph --><!-- wp:paragraph --><\/p>\n<p>A Szolg\u00e1ltat\u00f3 Web\u00e1ruh\u00e1zzal kapcsolatos tev\u00e9kenys\u00e9g\u00e9vel \u00f6sszef\u00fcgg\u0151, jelen \u00c1SZF-ben nem szab\u00e1lyozott k\u00e9rd\u00e9sekre a mindenkor hat\u00e1lyos magyar jogszab\u00e1lyok \u00e9s hat\u00f3s\u00e1gi el\u0151\u00edr\u00e1sok, valamint a Ptk. rendelkez\u00e9sei ir\u00e1nyad\u00f3ak.<\/p>\n<p><!-- \/wp:paragraph --><!-- wp:paragraph --><\/p>\n<p>A szerz\u0151d\u00e9s \u00e9rtelmez\u00e9s\u00e9re, \u00e9rv\u00e9nyess\u00e9g\u00e9re \u00e9s teljes\u00edt\u00e9s\u00e9re a magyar jog szab\u00e1lyai ir\u00e1nyad\u00f3ak.<\/p>\n<p><!-- \/wp:paragraph --><!-- wp:heading {\"level\":3} --><\/p>\n<h3 class=\"wp-block-heading\">13.&nbsp;T\u00e1j\u00e9koztat\u00e1s<\/h3>\n<p><!-- \/wp:heading --><!-- wp:paragraph --><\/p>\n<p>Az \u00e9trend-kieg\u00e9sz\u00edt\u0151k nem min\u0151s\u00fclnek gy\u00f3gyszernek, nem alkalmasak sem betegs\u00e9gek kezel\u00e9s\u00e9re, sem azok megel\u0151z\u00e9s\u00e9re. Eredend\u0151en nem betegs\u00e9gek gy\u00f3gy\u00edt\u00e1s\u00e1ra hozt\u00e1k l\u00e9tre azokat, hanem bizonyos hi\u00e1ny\u00e1llapotok (vitaminok, \u00e1sv\u00e1nyi anyagok) kiegyens\u00falyoz\u00e1s\u00e1ra, az \u00e9trendb\u0151l hi\u00e1nyz\u00f3 anyagok p\u00f3tl\u00e1s\u00e1ra, esetleg speci\u00e1lis \u00e9trenden l\u00e9v\u0151k (fogy\u00f3k\u00far\u00e1z\u00f3k) t\u00e1pl\u00e1lkoz\u00e1s\u00e1nak kieg\u00e9sz\u00edt\u00e9s\u00e9re. Az \u00e9trend-kieg\u00e9sz\u00edt\u0151k \u00e9lelmiszernek min\u0151s\u00fclnek, \u00e9ppen ez\u00e9rt a term\u00e9kek megjelen\u00edt\u00e9se \u00e9s hirdet\u00e9se nem \u00e1ll\u00edthatja vagy sugallhatja mindezek ellenkez\u0151j\u00e9t.<\/p>\n<p><!-- \/wp:paragraph --><!-- wp:paragraph --><\/p>\n<p>A fogyaszt\u00f3kkal szembeni tisztess\u00e9gtelen kereskedelmi gyakorlat tilalm\u00e1r\u00f3l sz\u00f3l\u00f3 t\u00f6rv\u00e9ny szerinti magatart\u00e1si k\u00f3dex nem \u00e1ll rendelkez\u00e9sre.<\/p>\n<p><!-- \/wp:paragraph --><!-- wp:paragraph --><\/p>\n<p><!-- \/wp:paragraph --><\/p>\t\t\t\t\t\t\t\t<\/div>\n\t\t\t\t<\/div>\n\t\t\t\t\t<\/div>\n\t\t\t\t<\/div>\n\t\t\t\t<\/div>","protected":false},"excerpt":{"rendered":"<p>\u00c1ltal\u00e1nos szerz\u0151d\u00e9si felt\u00e9telek (\u00c1SZF) \u00c1ttekint\u00e9s Jelen dokumentum nem ker\u00fcl iktat\u00e1sra (ut\u00f3lag nem hozz\u00e1f\u00e9rhet\u0151), kiz\u00e1r\u00f3lag elektronikus form\u00e1ban ker\u00fcl megk\u00f6t\u00e9sre, nem min\u0151s\u00fcl \u00edr\u00e1sbeli szerz\u0151d\u00e9snek, magyar nyelven \u00edr\u00f3dik, magatart\u00e1si k\u00f3dexre nem utal. A webshop m\u0171k\u00f6d\u00e9s\u00e9vel, megrendel\u00e9si, \u00e9s sz\u00e1ll\u00edt\u00e1si folyamat\u00e1val kapcsolatosan felmer\u00fcl\u0151 k\u00e9rd\u00e9sek eset\u00e9n a megadott el\u00e9rhet\u0151s\u00e9geinken rendelkez\u00e9s\u00e9re \u00e1llunk. Jelen \u00c1szf hat\u00e1lya Szolg\u00e1ltat\u00f3 weblapj\u00e1n (https:\/\/www.speltavita.hu) \u00e9s aldomainjein t\u00f6rt\u00e9n\u0151 jogviszonyokra<\/p>","protected":false},"author":1,"featured_media":0,"parent":0,"menu_order":0,"comment_status":"closed","ping_status":"closed","template":"","meta":{"solace_meta_sidebar":"","solace_meta_container":"","solace_meta_enable_content_width":"","solace_meta_content_width":0,"solace_meta_title_alignment":"","solace_meta_author_avatar":"","solace_post_elements_order":"","solace_meta_disable_header":"","solace_meta_disable_footer":"","solace_meta_disable_title":"","footnotes":""},"class_list":["post-21","page","type-page","status-publish","hentry"],"_links":{"self":[{"href":"https:\/\/speltavita.hu\/sr\/wp-json\/wp\/v2\/pages\/21","targetHints":{"allow":["GET"]}}],"collection":[{"href":"https:\/\/speltavita.hu\/sr\/wp-json\/wp\/v2\/pages"}],"about":[{"href":"https:\/\/speltavita.hu\/sr\/wp-json\/wp\/v2\/types\/page"}],"author":[{"embeddable":true,"href":"https:\/\/speltavita.hu\/sr\/wp-json\/wp\/v2\/users\/1"}],"replies":[{"embeddable":true,"href":"https:\/\/speltavita.hu\/sr\/wp-json\/wp\/v2\/comments?post=21"}],"version-history":[{"count":12,"href":"https:\/\/speltavita.hu\/sr\/wp-json\/wp\/v2\/pages\/21\/revisions"}],"predecessor-version":[{"id":947,"href":"https:\/\/speltavita.hu\/sr\/wp-json\/wp\/v2\/pages\/21\/revisions\/947"}],"wp:attachment":[{"href":"https:\/\/speltavita.hu\/sr\/wp-json\/wp\/v2\/media?parent=21"}],"curies":[{"name":"wp","href":"https:\/\/api.w.org\/{rel}","templated":true}]}}